{"id":1515,"date":"2024-04-06T22:43:48","date_gmt":"2024-04-07T01:43:48","guid":{"rendered":"https:\/\/sbeb.org.br\/cbeb2024\/?page_id=1515"},"modified":"2024-08-29T09:53:09","modified_gmt":"2024-08-29T12:53:09","slug":"perguntas-frequentes","status":"publish","type":"page","link":"https:\/\/sbeb.org.br\/cbeb2024\/perguntas-frequentes\/","title":{"rendered":"FAQs"},"content":{"rendered":"\t\t<div data-elementor-type=\"wp-page\" data-elementor-id=\"1515\" class=\"elementor elementor-1515\" data-elementor-post-type=\"page\">\n\t\t\t\t\t\t\t<div class=\"elementor-element elementor-element-b741e45 e-con-full e-flex e-con\" data-id=\"b741e45\" data-element_type=\"container\" data-settings=\"{&quot;content_width&quot;:&quot;full&quot;}\">\n\t\t\t\t<\/div>\n\t\t<div class=\"elementor-element elementor-element-ff62076 e-flex e-con-boxed e-con\" data-id=\"ff62076\" data-element_type=\"container\" data-settings=\"{&quot;content_width&quot;:&quot;boxed&quot;}\">\n\t\t\t\t\t<div class=\"e-con-inner\">\n\t\t\t\t<div class=\"elementor-element elementor-element-4cb7b7e elementor-widget elementor-widget-accordion\" data-id=\"4cb7b7e\" data-element_type=\"widget\" data-widget_type=\"accordion.default\">\n\t\t\t\t<div class=\"elementor-widget-container\">\n\t\t\t<style>\/*! elementor - v3.15.0 - 09-08-2023 *\/\n.elementor-accordion{text-align:left}.elementor-accordion .elementor-accordion-item{border:1px solid #d5d8dc}.elementor-accordion .elementor-accordion-item+.elementor-accordion-item{border-top:none}.elementor-accordion .elementor-tab-title{margin:0;padding:15px 20px;font-weight:700;line-height:1;cursor:pointer;outline:none}.elementor-accordion .elementor-tab-title .elementor-accordion-icon{display:inline-block;width:1.5em}.elementor-accordion .elementor-tab-title .elementor-accordion-icon svg{width:1em;height:1em}.elementor-accordion .elementor-tab-title .elementor-accordion-icon.elementor-accordion-icon-right{float:right;text-align:right}.elementor-accordion .elementor-tab-title .elementor-accordion-icon.elementor-accordion-icon-left{float:left;text-align:left}.elementor-accordion .elementor-tab-title .elementor-accordion-icon .elementor-accordion-icon-closed{display:block}.elementor-accordion .elementor-tab-title .elementor-accordion-icon .elementor-accordion-icon-opened,.elementor-accordion .elementor-tab-title.elementor-active .elementor-accordion-icon-closed{display:none}.elementor-accordion .elementor-tab-title.elementor-active .elementor-accordion-icon-opened{display:block}.elementor-accordion .elementor-tab-content{display:none;padding:15px 20px;border-top:1px solid #d5d8dc}@media (max-width:767px){.elementor-accordion .elementor-tab-title{padding:12px 15px}.elementor-accordion .elementor-tab-title .elementor-accordion-icon{width:1.2em}.elementor-accordion .elementor-tab-content{padding:7px 15px}}.e-con-inner>.elementor-widget-accordion,.e-con>.elementor-widget-accordion{width:var(--container-widget-width);--flex-grow:var(--container-widget-flex-grow)}<\/style>\t\t<div class=\"elementor-accordion\">\n\t\t\t\t\t\t\t<div class=\"elementor-accordion-item\">\n\t\t\t\t\t<div id=\"elementor-tab-title-8041\" class=\"elementor-tab-title\" data-tab=\"1\" role=\"button\" aria-controls=\"elementor-tab-content-8041\" aria-expanded=\"false\">\n\t\t\t\t\t\t\t\t\t\t\t\t\t<span class=\"elementor-accordion-icon elementor-accordion-icon-left\" aria-hidden=\"true\">\n\t\t\t\t\t\t\t\t\t\t\t\t\t\t\t<span class=\"elementor-accordion-icon-closed\"><i class=\"fas fa-plus\"><\/i><\/span>\n\t\t\t\t\t\t\t\t<span class=\"elementor-accordion-icon-opened\"><i class=\"fas fa-minus\"><\/i><\/span>\n\t\t\t\t\t\t\t\t\t\t\t\t\t\t<\/span>\n\t\t\t\t\t\t\t\t\t\t\t\t<a class=\"elementor-accordion-title\" tabindex=\"0\">\u00c9 obrigado a entrega do v\u00eddeo?<\/a>\n\t\t\t\t\t<\/div>\n\t\t\t\t\t<div id=\"elementor-tab-content-8041\" class=\"elementor-tab-content elementor-clearfix\" data-tab=\"1\" role=\"region\" aria-labelledby=\"elementor-tab-title-8041\"><p>N\u00e3o. No entanto, consideramos muito importante para ampliar a dissemina\u00e7\u00e3o da sua pesquisa e lhe apresentar para a comunidade. Seu v\u00eddeo ser\u00e1 indexado ao seu trabalho no livro do congresso e disponibilizado na pagina da SBEB.\u00a0<\/p><\/div>\n\t\t\t\t<\/div>\n\t\t\t\t\t\t\t<div class=\"elementor-accordion-item\">\n\t\t\t\t\t<div id=\"elementor-tab-title-8042\" class=\"elementor-tab-title\" data-tab=\"2\" role=\"button\" aria-controls=\"elementor-tab-content-8042\" aria-expanded=\"false\">\n\t\t\t\t\t\t\t\t\t\t\t\t\t<span class=\"elementor-accordion-icon elementor-accordion-icon-left\" aria-hidden=\"true\">\n\t\t\t\t\t\t\t\t\t\t\t\t\t\t\t<span class=\"elementor-accordion-icon-closed\"><i class=\"fas fa-plus\"><\/i><\/span>\n\t\t\t\t\t\t\t\t<span class=\"elementor-accordion-icon-opened\"><i class=\"fas fa-minus\"><\/i><\/span>\n\t\t\t\t\t\t\t\t\t\t\t\t\t\t<\/span>\n\t\t\t\t\t\t\t\t\t\t\t\t<a class=\"elementor-accordion-title\" tabindex=\"0\">Como chegar ao evento<\/a>\n\t\t\t\t\t<\/div>\n\t\t\t\t\t<div id=\"elementor-tab-content-8042\" class=\"elementor-tab-content elementor-clearfix\" data-tab=\"2\" role=\"region\" aria-labelledby=\"elementor-tab-title-8042\"><p>O Congresso ser\u00e1 no Campus da USP de Ribeir\u00e3o Preto e a abertura ser\u00e1 no Theatro Pedro II.<\/p><p><a href=\"https:\/\/www.google.com\/maps?ll=-21.174335,-47.809832&amp;z=16&amp;t=m&amp;hl=pt-BR&amp;gl=US&amp;mapclient=embed&amp;cid=90510007248302792\"><strong>Abertura do Congresso<\/strong>:<\/a> No Theatro Pedro II<\/p><p><a href=\"https:\/\/www.google.com\/maps\/place\/Faculdade+de+Direito+de+Ribeir%C3%A3o+Preto+da+Universidade+de+S%C3%A3o+Paulo+(FDRP-USP)\/@-21.166172,-47.846069,16z\/data=!4m6!3m5!1s0x94b9bddeeab254f5:0x919ca4b538569ded!8m2!3d-21.1661725!4d-47.8460692!16s%2Fg%2F12148vqw?hl=pt-BR&amp;entry=ttu&amp;g_ep=EgoyMDI0MDgyMS4wIKXMDSoASAFQAw%3D%3D\"><strong>Local do Congresso CBEB:<\/strong> Centro de evnto da Faculdad de Direito<\/a><\/p><p><strong><a href=\"https:\/\/www.google.com\/maps?ll=-21.16738,-47.84811&amp;z=16&amp;t=m&amp;hl=pt-BR&amp;gl=US&amp;mapclient=embed&amp;cid=687632581324449731\">Local do Minicurso<\/a>:\u00a0<\/strong><\/p><p><strong><a href=\"https:\/\/www.google.com\/maps\/place\/Faculdade+de+Direito+de+Ribeir%C3%A3o+Preto+da+Universidade+de+S%C3%A3o+Paulo+(FDRP-USP)\/@-21.166172,-47.846069,16z\/data=!4m6!3m5!1s0x94b9bddeeab254f5:0x919ca4b538569ded!8m2!3d-21.1661725!4d-47.8460692!16s%2Fg%2F12148vqw?hl=pt-BR&amp;entry=ttu&amp;g_ep=EgoyMDI0MDgyMS4wIKXMDSoASAFQAw%3D%3D\">Abertura do Biochallenge Brasil<\/a>:<\/strong><\/p><p><strong><a href=\"https:\/\/www.google.com\/maps?ll=-21.167564,-47.851637&amp;z=16&amp;t=m&amp;hl=pt-BR&amp;gl=US&amp;mapclient=embed&amp;cid=9235082595767535938\">Local Ideathon:<\/a> <\/strong>As palestras ser\u00e3o no Audit\u00f3rio das Exatas (Sala DE-11, bloco 4)\u00a0e as Atividades em grupo ser\u00e3o na Biblioteca Central\u00a0\u00a0<\/p><p>\u00a0<\/p><p>\u00a0<\/p><\/div>\n\t\t\t\t<\/div>\n\t\t\t\t\t\t\t<div class=\"elementor-accordion-item\">\n\t\t\t\t\t<div id=\"elementor-tab-title-8043\" class=\"elementor-tab-title\" data-tab=\"3\" role=\"button\" aria-controls=\"elementor-tab-content-8043\" aria-expanded=\"false\">\n\t\t\t\t\t\t\t\t\t\t\t\t\t<span class=\"elementor-accordion-icon elementor-accordion-icon-left\" aria-hidden=\"true\">\n\t\t\t\t\t\t\t\t\t\t\t\t\t\t\t<span class=\"elementor-accordion-icon-closed\"><i class=\"fas fa-plus\"><\/i><\/span>\n\t\t\t\t\t\t\t\t<span class=\"elementor-accordion-icon-opened\"><i class=\"fas fa-minus\"><\/i><\/span>\n\t\t\t\t\t\t\t\t\t\t\t\t\t\t<\/span>\n\t\t\t\t\t\t\t\t\t\t\t\t<a class=\"elementor-accordion-title\" tabindex=\"0\">Qual \u00e9 o modelo de p\u00f4ster recomendado?<\/a>\n\t\t\t\t\t<\/div>\n\t\t\t\t\t<div id=\"elementor-tab-content-8043\" class=\"elementor-tab-content elementor-clearfix\" data-tab=\"3\" role=\"region\" aria-labelledby=\"elementor-tab-title-8043\"><p>A imagem abaixo representa qual ser\u00e1 o tipo de suporte fornecido para hastear cada p\u00f4ster:<\/p><p><img decoding=\"async\" loading=\"lazy\" class=\"alignnone size-medium wp-image-4202\" src=\"https:\/\/sbeb.org.br\/cbeb2024\/wp-content\/uploads\/2024\/08\/suporte-266x300.jpg\" alt=\"\" width=\"266\" height=\"300\" srcset=\"https:\/\/sbeb.org.br\/cbeb2024\/wp-content\/uploads\/2024\/08\/suporte-266x300.jpg 266w, https:\/\/sbeb.org.br\/cbeb2024\/wp-content\/uploads\/2024\/08\/suporte.jpg 622w\" sizes=\"(max-width: 266px) 100vw, 266px\" \/><br \/>Indicamos que, ao solicitar a impress\u00e3o do seu p\u00f4ster, tamb\u00e9m seja solicitado o encaixe com barbante.<\/p><\/div>\n\t\t\t\t<\/div>\n\t\t\t\t\t\t\t<div class=\"elementor-accordion-item\">\n\t\t\t\t\t<div id=\"elementor-tab-title-8044\" class=\"elementor-tab-title\" data-tab=\"4\" role=\"button\" aria-controls=\"elementor-tab-content-8044\" aria-expanded=\"false\">\n\t\t\t\t\t\t\t\t\t\t\t\t\t<span class=\"elementor-accordion-icon elementor-accordion-icon-left\" aria-hidden=\"true\">\n\t\t\t\t\t\t\t\t\t\t\t\t\t\t\t<span class=\"elementor-accordion-icon-closed\"><i class=\"fas fa-plus\"><\/i><\/span>\n\t\t\t\t\t\t\t\t<span class=\"elementor-accordion-icon-opened\"><i class=\"fas fa-minus\"><\/i><\/span>\n\t\t\t\t\t\t\t\t\t\t\t\t\t\t<\/span>\n\t\t\t\t\t\t\t\t\t\t\t\t<a class=\"elementor-accordion-title\" tabindex=\"0\">\u00c9 preciso est\u00e1 Inscrito no congresso para participar do IDEATHON?<\/a>\n\t\t\t\t\t<\/div>\n\t\t\t\t\t<div id=\"elementor-tab-content-8044\" class=\"elementor-tab-content elementor-clearfix\" data-tab=\"4\" role=\"region\" aria-labelledby=\"elementor-tab-title-8044\"><p>N\u00e3o. Ser\u00e3o 100 vagas. Sendo 50 vagas para quem est\u00e1 inscrito no CBEB e 50 para quem n\u00e3o est\u00e1 no congresso.\u00a0<\/p><p>\u00a0<\/p><\/div>\n\t\t\t\t<\/div>\n\t\t\t\t\t\t\t<div class=\"elementor-accordion-item\">\n\t\t\t\t\t<div id=\"elementor-tab-title-8045\" class=\"elementor-tab-title\" data-tab=\"5\" role=\"button\" aria-controls=\"elementor-tab-content-8045\" aria-expanded=\"false\">\n\t\t\t\t\t\t\t\t\t\t\t\t\t<span class=\"elementor-accordion-icon elementor-accordion-icon-left\" aria-hidden=\"true\">\n\t\t\t\t\t\t\t\t\t\t\t\t\t\t\t<span class=\"elementor-accordion-icon-closed\"><i class=\"fas fa-plus\"><\/i><\/span>\n\t\t\t\t\t\t\t\t<span class=\"elementor-accordion-icon-opened\"><i class=\"fas fa-minus\"><\/i><\/span>\n\t\t\t\t\t\t\t\t\t\t\t\t\t\t<\/span>\n\t\t\t\t\t\t\t\t\t\t\t\t<a class=\"elementor-accordion-title\" tabindex=\"0\">\u00c9 preciso pagar antes de submeter o trabalho? <\/a>\n\t\t\t\t\t<\/div>\n\t\t\t\t\t<div id=\"elementor-tab-content-8045\" class=\"elementor-tab-content elementor-clearfix\" data-tab=\"5\" role=\"region\" aria-labelledby=\"elementor-tab-title-8045\">N\u00e3o. Primeiro voc\u00ea faz o cadastro \/ Inscri\u00e7\u00e3o na plataforma MITTE. Depois acesse a sua \u00e1rea para submiss\u00e3o de trabalhos e efetuar o pagamento.\u00a0A data na aba pagamentos do dashboard representa o dia que voc\u00ea est\u00e1 pagando e n\u00e3o data limite para pagar com desconto.<\/div>\n\t\t\t\t<\/div>\n\t\t\t\t\t\t\t<div class=\"elementor-accordion-item\">\n\t\t\t\t\t<div id=\"elementor-tab-title-8046\" class=\"elementor-tab-title\" data-tab=\"6\" role=\"button\" aria-controls=\"elementor-tab-content-8046\" aria-expanded=\"false\">\n\t\t\t\t\t\t\t\t\t\t\t\t\t<span class=\"elementor-accordion-icon elementor-accordion-icon-left\" aria-hidden=\"true\">\n\t\t\t\t\t\t\t\t\t\t\t\t\t\t\t<span class=\"elementor-accordion-icon-closed\"><i class=\"fas fa-plus\"><\/i><\/span>\n\t\t\t\t\t\t\t\t<span class=\"elementor-accordion-icon-opened\"><i class=\"fas fa-minus\"><\/i><\/span>\n\t\t\t\t\t\t\t\t\t\t\t\t\t\t<\/span>\n\t\t\t\t\t\t\t\t\t\t\t\t<a class=\"elementor-accordion-title\" tabindex=\"0\">Como ressubmeter um trabalho?<\/a>\n\t\t\t\t\t<\/div>\n\t\t\t\t\t<div id=\"elementor-tab-content-8046\" class=\"elementor-tab-content elementor-clearfix\" data-tab=\"6\" role=\"region\" aria-labelledby=\"elementor-tab-title-8046\"><p>Na aba \u201cSubmiss\u00e3o de Trabalho\u201ddo dashboard<br \/>Passo 1: Editar<br \/>Passo 2: Etapa 4.2 =&gt; Escolher o Novo Arquivo =&gt; Enviar =&gt; Pr\u00f3ximo<br \/>Passo 3: Etapa 5.0 =&gt; Finalizar<\/p><\/div>\n\t\t\t\t<\/div>\n\t\t\t\t\t\t\t<div class=\"elementor-accordion-item\">\n\t\t\t\t\t<div id=\"elementor-tab-title-8047\" class=\"elementor-tab-title\" data-tab=\"7\" role=\"button\" aria-controls=\"elementor-tab-content-8047\" aria-expanded=\"false\">\n\t\t\t\t\t\t\t\t\t\t\t\t\t<span class=\"elementor-accordion-icon elementor-accordion-icon-left\" aria-hidden=\"true\">\n\t\t\t\t\t\t\t\t\t\t\t\t\t\t\t<span class=\"elementor-accordion-icon-closed\"><i class=\"fas fa-plus\"><\/i><\/span>\n\t\t\t\t\t\t\t\t<span class=\"elementor-accordion-icon-opened\"><i class=\"fas fa-minus\"><\/i><\/span>\n\t\t\t\t\t\t\t\t\t\t\t\t\t\t<\/span>\n\t\t\t\t\t\t\t\t\t\t\t\t<a class=\"elementor-accordion-title\" tabindex=\"0\">Quantos trabalhos posso submeter com a minha inscri\u00e7\u00e3o?<\/a>\n\t\t\t\t\t<\/div>\n\t\t\t\t\t<div id=\"elementor-tab-content-8047\" class=\"elementor-tab-content elementor-clearfix\" data-tab=\"7\" role=\"region\" aria-labelledby=\"elementor-tab-title-8047\"><p>At\u00e9 2 trabalhos.<\/p><\/div>\n\t\t\t\t<\/div>\n\t\t\t\t\t\t\t<div class=\"elementor-accordion-item\">\n\t\t\t\t\t<div id=\"elementor-tab-title-8048\" class=\"elementor-tab-title\" data-tab=\"8\" role=\"button\" aria-controls=\"elementor-tab-content-8048\" aria-expanded=\"false\">\n\t\t\t\t\t\t\t\t\t\t\t\t\t<span class=\"elementor-accordion-icon elementor-accordion-icon-left\" aria-hidden=\"true\">\n\t\t\t\t\t\t\t\t\t\t\t\t\t\t\t<span class=\"elementor-accordion-icon-closed\"><i class=\"fas fa-plus\"><\/i><\/span>\n\t\t\t\t\t\t\t\t<span class=\"elementor-accordion-icon-opened\"><i class=\"fas fa-minus\"><\/i><\/span>\n\t\t\t\t\t\t\t\t\t\t\t\t\t\t<\/span>\n\t\t\t\t\t\t\t\t\t\t\t\t<a class=\"elementor-accordion-title\" tabindex=\"0\">Quantas p\u00e1ginas deve ter o trabalho completo \"Artigos Regulares\"? <\/a>\n\t\t\t\t\t<\/div>\n\t\t\t\t\t<div id=\"elementor-tab-content-8048\" class=\"elementor-tab-content elementor-clearfix\" data-tab=\"8\" role=\"region\" aria-labelledby=\"elementor-tab-title-8048\"><p>Entre 4 a 6 p\u00e1ginas. Veja Instru\u00e7\u00f5es<\/p><p>Modelos:\u00a0\u00a0<a href=\"https:\/\/sbeb.org.br\/cbeb2024\/wp-content\/uploads\/2023\/12\/regular.docx\">MS Word<\/a>\u00a0ou\u00a0<a href=\"https:\/\/sbeb.org.br\/cbeb2024\/wp-content\/uploads\/2023\/12\/regular_Latex.zip\">LaTex.<\/a><\/p><p>Fazer o upload do paper em Word e em PDF.<\/p><p>Apenas paper em ingl\u00eas ser\u00e3o publicados nos Procedings do IFMBE<\/p><\/div>\n\t\t\t\t<\/div>\n\t\t\t\t\t\t\t<div class=\"elementor-accordion-item\">\n\t\t\t\t\t<div id=\"elementor-tab-title-8049\" class=\"elementor-tab-title\" data-tab=\"9\" role=\"button\" aria-controls=\"elementor-tab-content-8049\" aria-expanded=\"false\">\n\t\t\t\t\t\t\t\t\t\t\t\t\t<span class=\"elementor-accordion-icon elementor-accordion-icon-left\" aria-hidden=\"true\">\n\t\t\t\t\t\t\t\t\t\t\t\t\t\t\t<span class=\"elementor-accordion-icon-closed\"><i class=\"fas fa-plus\"><\/i><\/span>\n\t\t\t\t\t\t\t\t<span class=\"elementor-accordion-icon-opened\"><i class=\"fas fa-minus\"><\/i><\/span>\n\t\t\t\t\t\t\t\t\t\t\t\t\t\t<\/span>\n\t\t\t\t\t\t\t\t\t\t\t\t<a class=\"elementor-accordion-title\" tabindex=\"0\">Quantas p\u00e1ginas deve ter o trabalho na modalidade \"Comunica\u00e7\u00f5es Curtas\" ?<\/a>\n\t\t\t\t\t<\/div>\n\t\t\t\t\t<div id=\"elementor-tab-content-8049\" class=\"elementor-tab-content elementor-clearfix\" data-tab=\"9\" role=\"region\" aria-labelledby=\"elementor-tab-title-8049\"><p>At\u00e9 2 p\u00e1ginas (incluindo texto, figuras, tabelas e refer\u00eancias).<\/p><ul><li>Modelos:\u00a0\u00a0<a href=\"https:\/\/sbeb.org.br\/cbeb2024\/wp-content\/uploads\/2023\/12\/short.docx\">MS Word<\/a>\u00a0ou\u00a0<a href=\"https:\/\/sbeb.org.br\/cbeb2024\/wp-content\/uploads\/2023\/12\/short_Latex.zip\">LaTex<\/a><\/li><\/ul><\/div>\n\t\t\t\t<\/div>\n\t\t\t\t\t\t\t<div class=\"elementor-accordion-item\">\n\t\t\t\t\t<div id=\"elementor-tab-title-80410\" class=\"elementor-tab-title\" data-tab=\"10\" role=\"button\" aria-controls=\"elementor-tab-content-80410\" aria-expanded=\"false\">\n\t\t\t\t\t\t\t\t\t\t\t\t\t<span class=\"elementor-accordion-icon elementor-accordion-icon-left\" aria-hidden=\"true\">\n\t\t\t\t\t\t\t\t\t\t\t\t\t\t\t<span class=\"elementor-accordion-icon-closed\"><i class=\"fas fa-plus\"><\/i><\/span>\n\t\t\t\t\t\t\t\t<span class=\"elementor-accordion-icon-opened\"><i class=\"fas fa-minus\"><\/i><\/span>\n\t\t\t\t\t\t\t\t\t\t\t\t\t\t<\/span>\n\t\t\t\t\t\t\t\t\t\t\t\t<a class=\"elementor-accordion-title\" tabindex=\"0\">\u00c9 permitido trabalho de revis\u00e3o? <\/a>\n\t\t\t\t\t<\/div>\n\t\t\t\t\t<div id=\"elementor-tab-content-80410\" class=\"elementor-tab-content elementor-clearfix\" data-tab=\"10\" role=\"region\" aria-labelledby=\"elementor-tab-title-80410\"><p>O CBEB2024\u00a0 \u00e9 predominantemente de car\u00e1ter cient\u00edfico e prezamos pela dissemina\u00e7\u00e3o e troca de conhecimento cient\u00edfico e tecnol\u00f3gico.\u00a0<\/p><p>Geralmente, trabalhos simples de revis\u00e3o s\u00e3o rejeitados pelo comit\u00ea cient\u00edfico.<\/p><\/div>\n\t\t\t\t<\/div>\n\t\t\t\t\t\t\t<div class=\"elementor-accordion-item\">\n\t\t\t\t\t<div id=\"elementor-tab-title-80411\" class=\"elementor-tab-title\" data-tab=\"11\" role=\"button\" aria-controls=\"elementor-tab-content-80411\" aria-expanded=\"false\">\n\t\t\t\t\t\t\t\t\t\t\t\t\t<span class=\"elementor-accordion-icon elementor-accordion-icon-left\" aria-hidden=\"true\">\n\t\t\t\t\t\t\t\t\t\t\t\t\t\t\t<span class=\"elementor-accordion-icon-closed\"><i class=\"fas fa-plus\"><\/i><\/span>\n\t\t\t\t\t\t\t\t<span class=\"elementor-accordion-icon-opened\"><i class=\"fas fa-minus\"><\/i><\/span>\n\t\t\t\t\t\t\t\t\t\t\t\t\t\t<\/span>\n\t\t\t\t\t\t\t\t\t\t\t\t<a class=\"elementor-accordion-title\" tabindex=\"0\">Os minicursos ser\u00e3o gratuitos?<\/a>\n\t\t\t\t\t<\/div>\n\t\t\t\t\t<div id=\"elementor-tab-content-80411\" class=\"elementor-tab-content elementor-clearfix\" data-tab=\"11\" role=\"region\" aria-labelledby=\"elementor-tab-title-80411\"><p>Sim. Pois, quem se inscrever at\u00e9 o dia 28\/06\/2024 e marcar presen\u00e7a no minicurso, receber\u00e1 um voucher alimenta\u00e7\u00e3o no mesmo valor\u00a0 da inscri\u00e7\u00e3o (R$ 50,00).<\/p><\/div>\n\t\t\t\t<\/div>\n\t\t\t\t\t\t\t<div class=\"elementor-accordion-item\">\n\t\t\t\t\t<div id=\"elementor-tab-title-80412\" class=\"elementor-tab-title\" data-tab=\"12\" role=\"button\" aria-controls=\"elementor-tab-content-80412\" aria-expanded=\"false\">\n\t\t\t\t\t\t\t\t\t\t\t\t\t<span class=\"elementor-accordion-icon elementor-accordion-icon-left\" aria-hidden=\"true\">\n\t\t\t\t\t\t\t\t\t\t\t\t\t\t\t<span class=\"elementor-accordion-icon-closed\"><i class=\"fas fa-plus\"><\/i><\/span>\n\t\t\t\t\t\t\t\t<span class=\"elementor-accordion-icon-opened\"><i class=\"fas fa-minus\"><\/i><\/span>\n\t\t\t\t\t\t\t\t\t\t\t\t\t\t<\/span>\n\t\t\t\t\t\t\t\t\t\t\t\t<a class=\"elementor-accordion-title\" tabindex=\"0\">Posso participar sem apresentar trabalho?<\/a>\n\t\t\t\t\t<\/div>\n\t\t\t\t\t<div id=\"elementor-tab-content-80412\" class=\"elementor-tab-content elementor-clearfix\" data-tab=\"12\" role=\"region\" aria-labelledby=\"elementor-tab-title-80412\"><p>Sim. E ter\u00e1 grandes oportunidades de aprendizado e capacita\u00e7\u00e3o. Poder\u00e1 participar dos minicursos; da Maratona de Inova\u00e7\u00e3o e Tecnologia em Sa\u00fade (Ideathon); da Biochallanges Nacional e todas as sess\u00f5es do congresso.\u00a0<br \/>OBS: A comiss\u00e3o organizadora est\u00e1 buscando recursos para apoiar apenas estudante que ir\u00e1 apresentar trabalhos;\u00a0\u00a0<\/p><\/div>\n\t\t\t\t<\/div>\n\t\t\t\t\t\t\t<div class=\"elementor-accordion-item\">\n\t\t\t\t\t<div id=\"elementor-tab-title-80413\" class=\"elementor-tab-title\" data-tab=\"13\" role=\"button\" aria-controls=\"elementor-tab-content-80413\" aria-expanded=\"false\">\n\t\t\t\t\t\t\t\t\t\t\t\t\t<span class=\"elementor-accordion-icon elementor-accordion-icon-left\" aria-hidden=\"true\">\n\t\t\t\t\t\t\t\t\t\t\t\t\t\t\t<span class=\"elementor-accordion-icon-closed\"><i class=\"fas fa-plus\"><\/i><\/span>\n\t\t\t\t\t\t\t\t<span class=\"elementor-accordion-icon-opened\"><i class=\"fas fa-minus\"><\/i><\/span>\n\t\t\t\t\t\t\t\t\t\t\t\t\t\t<\/span>\n\t\t\t\t\t\t\t\t\t\t\t\t<a class=\"elementor-accordion-title\" tabindex=\"0\">Ter\u00e1 apoio ao estudante?<\/a>\n\t\t\t\t\t<\/div>\n\t\t\t\t\t<div id=\"elementor-tab-content-80413\" class=\"elementor-tab-content elementor-clearfix\" data-tab=\"13\" role=\"region\" aria-labelledby=\"elementor-tab-title-80413\"><p>Sim. Estamos empenhados em busca de recursos para patrocinar a participa\u00e7\u00e3o dos estudantes:<\/p><ul><li>Isen\u00e7\u00e3o de Inscri\u00e7\u00e3o;<\/li><li>Apoio a Alimenta\u00e7\u00e3o;<\/li><li>Apoio a moradia<\/li><li>Premia\u00e7\u00e3o<\/li><\/ul><p>Nos ajudem nessa miss\u00e3o. Apresentem a campanha &#8220;<a href=\"https:\/\/sbeb.org.br\/cbeb2024\/patrocinadorsolidario\/\">Patrocinador Solid\u00e1rio<\/a>&#8221; para empres\u00e1rios da sua cidade.\u00a0 Todo o dinheiro arrecadado nessa campanha ser\u00e1 convertido em apoio aos estudantes.\u00a0\u00a0<\/p><p>Apenas estudantes que apresentarem trabalhos poder\u00e3o receber este apoio.\u00a0\u00a0<\/p><\/div>\n\t\t\t\t<\/div>\n\t\t\t\t\t\t\t<div class=\"elementor-accordion-item\">\n\t\t\t\t\t<div id=\"elementor-tab-title-80414\" class=\"elementor-tab-title\" data-tab=\"14\" role=\"button\" aria-controls=\"elementor-tab-content-80414\" aria-expanded=\"false\">\n\t\t\t\t\t\t\t\t\t\t\t\t\t<span class=\"elementor-accordion-icon elementor-accordion-icon-left\" aria-hidden=\"true\">\n\t\t\t\t\t\t\t\t\t\t\t\t\t\t\t<span class=\"elementor-accordion-icon-closed\"><i class=\"fas fa-plus\"><\/i><\/span>\n\t\t\t\t\t\t\t\t<span class=\"elementor-accordion-icon-opened\"><i class=\"fas fa-minus\"><\/i><\/span>\n\t\t\t\t\t\t\t\t\t\t\t\t\t\t<\/span>\n\t\t\t\t\t\t\t\t\t\t\t\t<a class=\"elementor-accordion-title\" tabindex=\"0\">Quando os resumos ser\u00e3o publicados nos anais do congresso?  <\/a>\n\t\t\t\t\t<\/div>\n\t\t\t\t\t<div id=\"elementor-tab-content-80414\" class=\"elementor-tab-content elementor-clearfix\" data-tab=\"14\" role=\"region\" aria-labelledby=\"elementor-tab-title-80414\"><p>A publica\u00e7\u00e3o dos resumos do CBEB2024 tem sido de responsabilidade da comiss\u00e3o organizadora de cada evento.\u00a0 Para este evento\u00a0 estamos trabalhando para que os resumos de comunica\u00e7\u00f5es curtas j\u00e1 estejam publicados na p\u00e1gina da sociedade no per\u00edodo do evento.\u00a0<\/p><\/div>\n\t\t\t\t<\/div>\n\t\t\t\t\t\t\t<div class=\"elementor-accordion-item\">\n\t\t\t\t\t<div id=\"elementor-tab-title-80415\" class=\"elementor-tab-title\" data-tab=\"15\" role=\"button\" aria-controls=\"elementor-tab-content-80415\" aria-expanded=\"false\">\n\t\t\t\t\t\t\t\t\t\t\t\t\t<span class=\"elementor-accordion-icon elementor-accordion-icon-left\" aria-hidden=\"true\">\n\t\t\t\t\t\t\t\t\t\t\t\t\t\t\t<span class=\"elementor-accordion-icon-closed\"><i class=\"fas fa-plus\"><\/i><\/span>\n\t\t\t\t\t\t\t\t<span class=\"elementor-accordion-icon-opened\"><i class=\"fas fa-minus\"><\/i><\/span>\n\t\t\t\t\t\t\t\t\t\t\t\t\t\t<\/span>\n\t\t\t\t\t\t\t\t\t\t\t\t<a class=\"elementor-accordion-title\" tabindex=\"0\">Quando os trabalhos completos em ingl\u00eas ser\u00e3o publicados nos proceedings da IFMBE?<\/a>\n\t\t\t\t\t<\/div>\n\t\t\t\t\t<div id=\"elementor-tab-content-80415\" class=\"elementor-tab-content elementor-clearfix\" data-tab=\"15\" role=\"region\" aria-labelledby=\"elementor-tab-title-80415\"><p>J\u00e1 estamos em contato com a equipe de editora\u00e7\u00e3o de proceedings da IFMBE. A nossa programa\u00e7\u00e3o \u00e9\u00a0 enviarmos para a editora\u00e7\u00e3o logo ap\u00f3s a realiza\u00e7\u00e3o do evento. De acordo com as normas da IFMBE, pode levar at\u00e9 3 meses para ser publicado nos proceedings da IFMBE.\u00a0<\/p><\/div>\n\t\t\t\t<\/div>\n\t\t\t\t\t\t\t<div class=\"elementor-accordion-item\">\n\t\t\t\t\t<div id=\"elementor-tab-title-80416\" class=\"elementor-tab-title\" data-tab=\"16\" role=\"button\" aria-controls=\"elementor-tab-content-80416\" aria-expanded=\"false\">\n\t\t\t\t\t\t\t\t\t\t\t\t\t<span class=\"elementor-accordion-icon elementor-accordion-icon-left\" aria-hidden=\"true\">\n\t\t\t\t\t\t\t\t\t\t\t\t\t\t\t<span class=\"elementor-accordion-icon-closed\"><i class=\"fas fa-plus\"><\/i><\/span>\n\t\t\t\t\t\t\t\t<span class=\"elementor-accordion-icon-opened\"><i class=\"fas fa-minus\"><\/i><\/span>\n\t\t\t\t\t\t\t\t\t\t\t\t\t\t<\/span>\n\t\t\t\t\t\t\t\t\t\t\t\t<a class=\"elementor-accordion-title\" tabindex=\"0\">Como ir\u00e1 funcionar a Maratona de Inova\u00e7\u00e3o e Tecnologia em Sa\u00fade (Ideathon) ? <\/a>\n\t\t\t\t\t<\/div>\n\t\t\t\t\t<div id=\"elementor-tab-content-80416\" class=\"elementor-tab-content elementor-clearfix\" data-tab=\"16\" role=\"region\" aria-labelledby=\"elementor-tab-title-80416\"><p>A Marotona de Inova\u00e7\u00e3o e Tecnologia em Sa\u00fade, denominada IDEATHON, ser\u00e1 um evento gratuito e ser\u00e1 realizada por uma equipe especializada nessa modalidade de din\u00e2mica. Tamb\u00e9m ter\u00e1 o apoio do SEBRAE, do SENAI e do SUPERA PARQUE .<\/p><p>Ser\u00e1 realizado em tempo integral entre os dia 04 e 06 de setembro.<\/p><p>Uma experi\u00eancia \u00edmpar para interagir, idealizar e criar solu\u00e7\u00f5es para demandas reais em sa\u00fade!<\/p><\/div>\n\t\t\t\t<\/div>\n\t\t\t\t\t\t\t<div class=\"elementor-accordion-item\">\n\t\t\t\t\t<div id=\"elementor-tab-title-80417\" class=\"elementor-tab-title\" data-tab=\"17\" role=\"button\" aria-controls=\"elementor-tab-content-80417\" aria-expanded=\"false\">\n\t\t\t\t\t\t\t\t\t\t\t\t\t<span class=\"elementor-accordion-icon elementor-accordion-icon-left\" aria-hidden=\"true\">\n\t\t\t\t\t\t\t\t\t\t\t\t\t\t\t<span class=\"elementor-accordion-icon-closed\"><i class=\"fas fa-plus\"><\/i><\/span>\n\t\t\t\t\t\t\t\t<span class=\"elementor-accordion-icon-opened\"><i class=\"fas fa-minus\"><\/i><\/span>\n\t\t\t\t\t\t\t\t\t\t\t\t\t\t<\/span>\n\t\t\t\t\t\t\t\t\t\t\t\t<a class=\"elementor-accordion-title\" tabindex=\"0\">Como ir\u00e1 funcionar a Maratona de Inova\u00e7\u00e3o e Tecnologia em Sa\u00fade?<\/a>\n\t\t\t\t\t<\/div>\n\t\t\t\t\t<div id=\"elementor-tab-content-80417\" class=\"elementor-tab-content elementor-clearfix\" data-tab=\"17\" role=\"region\" aria-labelledby=\"elementor-tab-title-80417\"><p>A Marotona de Inova\u00e7\u00e3o e Tecnologia em Sa\u00fade, denominada IDEATHON, ser\u00e1 um evento gratuito e ser\u00e1 realizada por uma equipe especializada nessa modalidade de din\u00e2mica. Tamb\u00e9m ter\u00e1 o apoio do SEBRAE, do SENAI e do SUPERA PARQUE .<\/p><p>Ser\u00e1 realizado em tempo integral entre os dia 04 e 06 de setembro.<\/p><p>Uma experi\u00eancia \u00edmpar para interagir, idealizar e criar solu\u00e7\u00f5es para demandas reais em sa\u00fade!<\/p><\/div>\n\t\t\t\t<\/div>\n\t\t\t\t\t\t\t<div class=\"elementor-accordion-item\">\n\t\t\t\t\t<div id=\"elementor-tab-title-80418\" class=\"elementor-tab-title\" data-tab=\"18\" role=\"button\" aria-controls=\"elementor-tab-content-80418\" aria-expanded=\"false\">\n\t\t\t\t\t\t\t\t\t\t\t\t\t<span class=\"elementor-accordion-icon elementor-accordion-icon-left\" aria-hidden=\"true\">\n\t\t\t\t\t\t\t\t\t\t\t\t\t\t\t<span class=\"elementor-accordion-icon-closed\"><i class=\"fas fa-plus\"><\/i><\/span>\n\t\t\t\t\t\t\t\t<span class=\"elementor-accordion-icon-opened\"><i class=\"fas fa-minus\"><\/i><\/span>\n\t\t\t\t\t\t\t\t\t\t\t\t\t\t<\/span>\n\t\t\t\t\t\t\t\t\t\t\t\t<a class=\"elementor-accordion-title\" tabindex=\"0\">Como ser\u00e1  Biochallenges Nacional ?<\/a>\n\t\t\t\t\t<\/div>\n\t\t\t\t\t<div id=\"elementor-tab-content-80418\" class=\"elementor-tab-content elementor-clearfix\" data-tab=\"18\" role=\"region\" aria-labelledby=\"elementor-tab-title-80418\"><p>A <strong>Biochallenges Nacional<\/strong> \u00e9 um evento de desafios cient\u00edficos e tecnol\u00f3gicos em sa\u00fade coordenado por meio de um parceria entre a Sociedade Brasileira de Engenharia Biom\u00e9dica e o INATEL. Em breve ser\u00e3o lan\u00e7ados os desafios. Os vencedores regionais ir\u00e3o disputar a final durante o CBEB2024 em Ribeir\u00e3o Preto.\u00a0 \u00a0\u00a0<\/p><\/div>\n\t\t\t\t<\/div>\n\t\t\t\t\t\t\t<div class=\"elementor-accordion-item\">\n\t\t\t\t\t<div id=\"elementor-tab-title-80419\" class=\"elementor-tab-title\" data-tab=\"19\" role=\"button\" aria-controls=\"elementor-tab-content-80419\" aria-expanded=\"false\">\n\t\t\t\t\t\t\t\t\t\t\t\t\t<span class=\"elementor-accordion-icon elementor-accordion-icon-left\" aria-hidden=\"true\">\n\t\t\t\t\t\t\t\t\t\t\t\t\t\t\t<span class=\"elementor-accordion-icon-closed\"><i class=\"fas fa-plus\"><\/i><\/span>\n\t\t\t\t\t\t\t\t<span class=\"elementor-accordion-icon-opened\"><i class=\"fas fa-minus\"><\/i><\/span>\n\t\t\t\t\t\t\t\t\t\t\t\t\t\t<\/span>\n\t\t\t\t\t\t\t\t\t\t\t\t<a class=\"elementor-accordion-title\" tabindex=\"0\">Como participar do Pr\u00eamio Inova\u00e7\u00e3o Engenharia Biom\u00e9dica para o SUS 2024 <\/a>\n\t\t\t\t\t<\/div>\n\t\t\t\t\t<div id=\"elementor-tab-content-80419\" class=\"elementor-tab-content elementor-clearfix\" data-tab=\"19\" role=\"region\" aria-labelledby=\"elementor-tab-title-80419\"><p>\u00a0O <strong>Pr\u00eamio Inova\u00e7\u00e3o Engenharia Biom\u00e9dica<\/strong> para o SUS 2024 \u00e9 realizado por meio de uma parceria entre a SBEB e a Boston Scientific. Para participar dessa premia\u00e7\u00e3o, voc\u00ea dever\u00e1 submeter o trabalho para a <a href=\"https:\/\/sbeb.org.br\/premio-sbeb-boston-scientific\/\">plataforma dedicada a este pr\u00eamio. Saiba mais aqui.<\/a><\/p><p>Aqui, seu trabalho ser\u00e1 avaliado por profissionais que atuam em institui\u00e7\u00f5es governamentais (ANVISA, MS, MCTI, etc).\u00a0<\/p><\/div>\n\t\t\t\t<\/div>\n\t\t\t\t\t\t\t<div class=\"elementor-accordion-item\">\n\t\t\t\t\t<div id=\"elementor-tab-title-80420\" class=\"elementor-tab-title\" data-tab=\"20\" role=\"button\" aria-controls=\"elementor-tab-content-80420\" aria-expanded=\"false\">\n\t\t\t\t\t\t\t\t\t\t\t\t\t<span class=\"elementor-accordion-icon elementor-accordion-icon-left\" aria-hidden=\"true\">\n\t\t\t\t\t\t\t\t\t\t\t\t\t\t\t<span class=\"elementor-accordion-icon-closed\"><i class=\"fas fa-plus\"><\/i><\/span>\n\t\t\t\t\t\t\t\t<span class=\"elementor-accordion-icon-opened\"><i class=\"fas fa-minus\"><\/i><\/span>\n\t\t\t\t\t\t\t\t\t\t\t\t\t\t<\/span>\n\t\t\t\t\t\t\t\t\t\t\t\t<a class=\"elementor-accordion-title\" tabindex=\"0\">Para qual \u00e1rea Tem\u00e1tico devo enviar o meu trabalho?<\/a>\n\t\t\t\t\t<\/div>\n\t\t\t\t\t<div id=\"elementor-tab-content-80420\" class=\"elementor-tab-content elementor-clearfix\" data-tab=\"20\" role=\"region\" aria-labelledby=\"elementor-tab-title-80420\"><p>Para ajudar a definir a sua \u00e1rea, veja os subtemas sugeridos para cada \u00e1rea em est\u00e1 mais relacionada com a sua pesquisas. https:\/\/sbeb.org.br\/cbeb2024\/areas-tematica\/\u00a0<\/p><p>Se ainda tiver d\u00favidas use o Chat GPT para lhe ajudar a tomar essa decis\u00e3o\u00a0<\/p><\/div>\n\t\t\t\t<\/div>\n\t\t\t\t\t\t\t\t<\/div>\n\t\t\t\t<\/div>\n\t\t\t\t<\/div>\n\t\t\t\t\t<\/div>\n\t\t\t\t<\/div>\n\t\t\t\t\t\t\t<\/div>\n\t\t","protected":false},"excerpt":{"rendered":"<p>\u00c9 obrigado a entrega do v\u00eddeo? N\u00e3o. No entanto, consideramos muito importante para ampliar a dissemina\u00e7\u00e3o da sua pesquisa e lhe apresentar para a comunidade. Seu v\u00eddeo ser\u00e1 indexado ao seu trabalho no livro do congresso e disponibilizado na pagina da SBEB.\u00a0 Como chegar ao evento O Congresso ser\u00e1 no Campus da USP de Ribeir\u00e3o [&hellip;]<\/p>\n","protected":false},"author":6,"featured_media":0,"parent":0,"menu_order":0,"comment_status":"closed","ping_status":"closed","template":"elementor_header_footer","meta":{"footnotes":""},"_links":{"self":[{"href":"https:\/\/sbeb.org.br\/cbeb2024\/wp-json\/wp\/v2\/pages\/1515"}],"collection":[{"href":"https:\/\/sbeb.org.br\/cbeb2024\/wp-json\/wp\/v2\/pages"}],"about":[{"href":"https:\/\/sbeb.org.br\/cbeb2024\/wp-json\/wp\/v2\/types\/page"}],"author":[{"embeddable":true,"href":"https:\/\/sbeb.org.br\/cbeb2024\/wp-json\/wp\/v2\/users\/6"}],"replies":[{"embeddable":true,"href":"https:\/\/sbeb.org.br\/cbeb2024\/wp-json\/wp\/v2\/comments?post=1515"}],"version-history":[{"count":155,"href":"https:\/\/sbeb.org.br\/cbeb2024\/wp-json\/wp\/v2\/pages\/1515\/revisions"}],"predecessor-version":[{"id":4205,"href":"https:\/\/sbeb.org.br\/cbeb2024\/wp-json\/wp\/v2\/pages\/1515\/revisions\/4205"}],"wp:attachment":[{"href":"https:\/\/sbeb.org.br\/cbeb2024\/wp-json\/wp\/v2\/media?parent=1515"}],"curies":[{"name":"wp","href":"https:\/\/api.w.org\/{rel}","templated":true}]}}