{"id":2989,"date":"2024-07-05T16:18:25","date_gmt":"2024-07-05T19:18:25","guid":{"rendered":"https:\/\/sbeb.org.br\/cbeb2024\/?page_id=2989"},"modified":"2024-09-02T00:50:49","modified_gmt":"2024-09-02T03:50:49","slug":"ideathon","status":"publish","type":"page","link":"https:\/\/sbeb.org.br\/cbeb2024\/ideathon\/","title":{"rendered":"Ideathon de Inova\u00e7\u00e3o e Tecnologia em Sa\u00fade"},"content":{"rendered":"\t\t<div data-elementor-type=\"wp-page\" data-elementor-id=\"2989\" class=\"elementor elementor-2989\" data-elementor-post-type=\"page\">\n\t\t\t\t\t\t\t<div class=\"elementor-element elementor-element-3e27389 e-con-full e-flex e-con\" data-id=\"3e27389\" data-element_type=\"container\" data-settings=\"{&quot;background_background&quot;:&quot;classic&quot;,&quot;content_width&quot;:&quot;full&quot;}\">\n\t\t<div class=\"elementor-element elementor-element-839568d e-con-full e-flex e-con\" data-id=\"839568d\" data-element_type=\"container\" data-settings=\"{&quot;background_background&quot;:&quot;classic&quot;,&quot;content_width&quot;:&quot;full&quot;}\">\n\t\t\t\t<div class=\"elementor-element elementor-element-efbf0d8 elementor-widget elementor-widget-heading\" data-id=\"efbf0d8\" data-element_type=\"widget\" data-widget_type=\"heading.default\">\n\t\t\t\t<div class=\"elementor-widget-container\">\n\t\t\t<style>\/*! elementor - v3.15.0 - 09-08-2023 *\/\n.elementor-heading-title{padding:0;margin:0;line-height:1}.elementor-widget-heading .elementor-heading-title[class*=elementor-size-]>a{color:inherit;font-size:inherit;line-height:inherit}.elementor-widget-heading .elementor-heading-title.elementor-size-small{font-size:15px}.elementor-widget-heading .elementor-heading-title.elementor-size-medium{font-size:19px}.elementor-widget-heading .elementor-heading-title.elementor-size-large{font-size:29px}.elementor-widget-heading .elementor-heading-title.elementor-size-xl{font-size:39px}.elementor-widget-heading .elementor-heading-title.elementor-size-xxl{font-size:59px}<\/style><h2 class=\"elementor-heading-title elementor-size-default\">Ideathon de tecnologia e inova\u00e7\u00e3o em sa\u00fade<\/h2>\t\t<\/div>\n\t\t\t\t<\/div>\n\t\t\t\t<div class=\"elementor-element elementor-element-36185cc elementor-widget__width-initial elementor-widget elementor-widget-text-editor\" data-id=\"36185cc\" data-element_type=\"widget\" data-widget_type=\"text-editor.default\">\n\t\t\t\t<div class=\"elementor-widget-container\">\n\t\t\t<style>\/*! elementor - v3.15.0 - 09-08-2023 *\/\n.elementor-widget-text-editor.elementor-drop-cap-view-stacked .elementor-drop-cap{background-color:#69727d;color:#fff}.elementor-widget-text-editor.elementor-drop-cap-view-framed .elementor-drop-cap{color:#69727d;border:3px solid;background-color:transparent}.elementor-widget-text-editor:not(.elementor-drop-cap-view-default) .elementor-drop-cap{margin-top:8px}.elementor-widget-text-editor:not(.elementor-drop-cap-view-default) .elementor-drop-cap-letter{width:1em;height:1em}.elementor-widget-text-editor .elementor-drop-cap{float:left;text-align:center;line-height:1;font-size:50px}.elementor-widget-text-editor .elementor-drop-cap-letter{display:inline-block}<\/style>\t\t\t\t<p>Evento gratuito e paralelo ao CBEB2024, a partir da tarde do dia 04\/09 at\u00e9 o dia 06\/09 (Tempo Integral) no Campus da USP Ribeir\u00e3o<\/p>\t\t\t\t\t\t<\/div>\n\t\t\t\t<\/div>\n\t\t\t\t<\/div>\n\t\t<div class=\"elementor-element elementor-element-4d95a0b e-con-full e-flex e-con\" data-id=\"4d95a0b\" data-element_type=\"container\" data-settings=\"{&quot;content_width&quot;:&quot;full&quot;,&quot;background_background&quot;:&quot;classic&quot;}\">\n\t\t\t\t<div class=\"elementor-element elementor-element-756ecc5 elementor-widget elementor-widget-heading\" data-id=\"756ecc5\" data-element_type=\"widget\" data-widget_type=\"heading.default\">\n\t\t\t\t<div class=\"elementor-widget-container\">\n\t\t\t<h2 class=\"elementor-heading-title elementor-size-default\"><span style=\"font-weight: bolder; font-size: 27px; white-space-collapse: collapse;\">Acesse o Regulamento do IDEATHON!<\/span><\/h2>\t\t<\/div>\n\t\t\t\t<\/div>\n\t\t\t\t<div class=\"elementor-element elementor-element-c189b90 elementor-align-center elementor-widget elementor-widget-button\" data-id=\"c189b90\" data-element_type=\"widget\" data-widget_type=\"button.default\">\n\t\t\t\t<div class=\"elementor-widget-container\">\n\t\t\t\t\t<div class=\"elementor-button-wrapper\">\n\t\t\t<a class=\"elementor-button elementor-button-link elementor-size-xl elementor-animation-grow\" href=\"https:\/\/sbeb.org.br\/cbeb2024\/wp-content\/uploads\/2024\/08\/REGULAMENTO-IDEATHON-CBEB2024.pdf\" target=\"_blank\">\n\t\t\t\t\t\t<span class=\"elementor-button-content-wrapper\">\n\t\t\t\t\t\t<span class=\"elementor-button-text\">Regulamento IDEATHON CBEB 2024 (PDF)<\/span>\n\t\t<\/span>\n\t\t\t\t\t<\/a>\n\t\t<\/div>\n\t\t\t\t<\/div>\n\t\t\t\t<\/div>\n\t\t\t\t<\/div>\n\t\t<div class=\"elementor-element elementor-element-d3cd005 e-flex e-con-boxed e-con\" data-id=\"d3cd005\" data-element_type=\"container\" data-settings=\"{&quot;content_width&quot;:&quot;boxed&quot;}\">\n\t\t\t\t\t<div class=\"e-con-inner\">\n\t\t\t\t<div class=\"elementor-element elementor-element-fd6718f elementor-widget__width-initial elementor-cta--skin-classic elementor-animated-content elementor-bg-transform elementor-bg-transform-zoom-in elementor-widget elementor-widget-call-to-action\" data-id=\"fd6718f\" data-element_type=\"widget\" data-widget_type=\"call-to-action.default\">\n\t\t\t\t<div class=\"elementor-widget-container\">\n\t\t\t<link rel=\"stylesheet\" href=\"https:\/\/sbeb.org.br\/cbeb2024\/wp-content\/plugins\/elementor-pro\/assets\/css\/widget-call-to-action.min.css\">\t\t<a class=\"elementor-cta\" href=\"https:\/\/sbeb.org.br\/cbeb2024\/wp-content\/uploads\/2024\/09\/Programacao-IDEATHON.pdf\">\n\t\t\t\t\t<div class=\"elementor-cta__bg-wrapper\">\n\t\t\t\t<div class=\"elementor-cta__bg elementor-bg\" style=\"background-image: url(https:\/\/sbeb.org.br\/cbeb2024\/wp-content\/uploads\/2024\/09\/imagem-pagina-ideathon.png);\" role=\"img\" aria-label=\"imagem pagina ideathon\"><\/div>\n\t\t\t\t<div class=\"elementor-cta__bg-overlay\"><\/div>\n\t\t\t<\/div>\n\t\t\t\t\t\t\t<div class=\"elementor-cta__content\">\n\t\t\t\t\n\t\t\t\t\t\t\t\t\t<h2 class=\"elementor-cta__title elementor-cta__content-item elementor-content-item\">\n\t\t\t\t\t\tAcesse o Programa Ideathon\t\t\t\t\t<\/h2>\n\t\t\t\t\n\t\t\t\t\n\t\t\t\t\t\t\t\t\t<div class=\"elementor-cta__button-wrapper elementor-cta__content-item elementor-content-item \">\n\t\t\t\t\t<span class=\"elementor-cta__button elementor-button elementor-size-xl\">\n\t\t\t\t\t\tPrograma\u00e7\u00e3o Ideathon\t\t\t\t\t<\/span>\n\t\t\t\t\t<\/div>\n\t\t\t\t\t\t\t<\/div>\n\t\t\t\t\t\t<\/a>\n\t\t\t\t<\/div>\n\t\t\t\t<\/div>\n\t\t\t\t\t<\/div>\n\t\t\t\t<\/div>\n\t\t<div class=\"elementor-element elementor-element-3e12b8f e-flex e-con-boxed e-con\" data-id=\"3e12b8f\" data-element_type=\"container\" data-settings=\"{&quot;content_width&quot;:&quot;boxed&quot;}\">\n\t\t\t\t\t<div class=\"e-con-inner\">\n\t\t\t\t<div class=\"elementor-element elementor-element-8d4cef3 elementor-widget elementor-widget-text-editor\" data-id=\"8d4cef3\" data-element_type=\"widget\" data-widget_type=\"text-editor.default\">\n\t\t\t\t<div class=\"elementor-widget-container\">\n\t\t\t\t\t\t\t<p>Um evento em que pessoas se re\u00fanem para colaborar intensivamente e desenvolver solu\u00e7\u00f5es inovadoras relacionadas a <em><strong>Inova\u00e7\u00e3o e tecnologia em Sa\u00fade.<\/strong><\/em><\/p>\n<p>O Ideathon traz uma oportunidade \u00fanica ao participante para <strong>estabelecer conex\u00f5es, compartilhar ideias, aprofundar insights, ser tornar protagonista<\/strong> e, \u00e9 claro, <strong>experimentar a jornada de desenvolver solu\u00e7\u00f5es inovadoras<\/strong>.<br>Nossa miss\u00e3o \u00e9 promover o incentivo ao empreendedorismo, empoderando a nossa comunidade e impulsionando <em><strong>agentes de mudan\u00e7a tecnol\u00f3gica.<\/strong><\/em><\/p>\t\t\t\t\t\t<\/div>\n\t\t\t\t<\/div>\n\t\t\t\t<div class=\"elementor-element elementor-element-a3fb988 elementor-widget elementor-widget-text-editor\" data-id=\"a3fb988\" data-element_type=\"widget\" data-widget_type=\"text-editor.default\">\n\t\t\t\t<div class=\"elementor-widget-container\">\n\t\t\t\t\t\t\t<p>Durante um <b><i>Ideathon<\/i><\/b>, os participantes trabalhar\u00e3o em equipes para desenvolver suas ideias e ao final devem apresent\u00e1-las a um painel de avaliadores. \u00c9 uma reuni\u00e3o imersiva e em tempo integral de um grupo de pessoas com diferentes habilidades e conhecimentos para trabalharem juntas em desafios da Engenharia Biom\u00e9dica.<\/p><p>Os vencedores poder\u00e3o receber pr\u00eamios ou outras recompensas, como a oportunidade de desenvolver sua ideia com a ajuda de mentores ou investidores, ou ainda serem acelerados em uma incubadora tecnol\u00f3gica. <br \/><em>Todos os participantes receber\u00e3o certificados!<\/em><\/p>\t\t\t\t\t\t<\/div>\n\t\t\t\t<\/div>\n\t\t\t\t\t<\/div>\n\t\t\t\t<\/div>\n\t\t<div class=\"elementor-element elementor-element-be1ff6c e-flex e-con-boxed e-con\" data-id=\"be1ff6c\" data-element_type=\"container\" data-settings=\"{&quot;content_width&quot;:&quot;boxed&quot;}\">\n\t\t\t\t\t<div class=\"e-con-inner\">\n\t\t<div class=\"elementor-element elementor-element-5d734d3 e-grid e-con-boxed e-con\" data-id=\"5d734d3\" data-element_type=\"container\" data-settings=\"{&quot;grid_columns_grid&quot;:{&quot;unit&quot;:&quot;fr&quot;,&quot;size&quot;:2,&quot;sizes&quot;:[]},&quot;grid_rows_grid&quot;:{&quot;unit&quot;:&quot;fr&quot;,&quot;size&quot;:1,&quot;sizes&quot;:[]},&quot;content_width&quot;:&quot;boxed&quot;,&quot;grid_outline&quot;:&quot;yes&quot;,&quot;grid_columns_grid_tablet&quot;:{&quot;unit&quot;:&quot;fr&quot;,&quot;size&quot;:&quot;&quot;,&quot;sizes&quot;:[]},&quot;grid_columns_grid_mobile&quot;:{&quot;unit&quot;:&quot;fr&quot;,&quot;size&quot;:1,&quot;sizes&quot;:[]},&quot;grid_rows_grid_tablet&quot;:{&quot;unit&quot;:&quot;fr&quot;,&quot;size&quot;:&quot;&quot;,&quot;sizes&quot;:[]},&quot;grid_rows_grid_mobile&quot;:{&quot;unit&quot;:&quot;fr&quot;,&quot;size&quot;:&quot;&quot;,&quot;sizes&quot;:[]}}\">\n\t\t\t\t\t<div class=\"e-con-inner\">\n\t\t<div class=\"elementor-element elementor-element-7d49bb0 e-con-full e-flex e-con\" data-id=\"7d49bb0\" data-element_type=\"container\" data-settings=\"{&quot;content_width&quot;:&quot;full&quot;,&quot;background_background&quot;:&quot;classic&quot;}\">\n\t\t\t\t<div class=\"elementor-element elementor-element-7298ffc elementor-widget elementor-widget-text-editor\" data-id=\"7298ffc\" data-element_type=\"widget\" data-widget_type=\"text-editor.default\">\n\t\t\t\t<div class=\"elementor-widget-container\">\n\t\t\t\t\t\t\t<p><strong>Participantes<\/strong><\/p>\n<p>Estudantes de Cursos Tecnol\u00f3gicos<\/p>\n<p>Estudantes de Gradua\u00e7\u00e3o e de P\u00f3s-gradua\u00e7\u00e3o da \u00e1rea de Engenharia Biom\u00e9dica e \u00e1reas afins.<\/p>\t\t\t\t\t\t<\/div>\n\t\t\t\t<\/div>\n\t\t\t\t<\/div>\n\t\t<div class=\"elementor-element elementor-element-74d39fd e-con-full e-flex e-con\" data-id=\"74d39fd\" data-element_type=\"container\" data-settings=\"{&quot;content_width&quot;:&quot;full&quot;,&quot;background_background&quot;:&quot;classic&quot;}\">\n\t\t\t\t<div class=\"elementor-element elementor-element-571f389 elementor-widget elementor-widget-text-editor\" data-id=\"571f389\" data-element_type=\"widget\" data-widget_type=\"text-editor.default\">\n\t\t\t\t<div class=\"elementor-widget-container\">\n\t\t\t\t\t\t\t<p><strong>Grupo de Trabalho<\/strong><\/p>\n<p>100 Participantes<br \/>(Inscri\u00e7\u00f5es Gratuitas)<\/p>\n<p>16 Mentores<br \/>5 Jurados<br \/>1 Facilitador<\/p>\t\t\t\t\t\t<\/div>\n\t\t\t\t<\/div>\n\t\t\t\t<\/div>\n\t\t\t\t\t<\/div>\n\t\t\t\t<\/div>\n\t\t<div class=\"elementor-element elementor-element-adc42a9 e-con-full e-flex e-con\" data-id=\"adc42a9\" data-element_type=\"container\" data-settings=\"{&quot;background_background&quot;:&quot;classic&quot;,&quot;content_width&quot;:&quot;full&quot;}\">\n\t\t\t\t<div class=\"elementor-element elementor-element-2041589 elementor-widget elementor-widget-text-editor\" data-id=\"2041589\" data-element_type=\"widget\" data-widget_type=\"text-editor.default\">\n\t\t\t\t<div class=\"elementor-widget-container\">\n\t\t\t\t\t\t\t<p>Quais oportunidades o<em><strong> Ideathon<\/strong> <\/em>de Inova\u00e7\u00e3o e Tecnologia em Sa\u00fade gera para os participantes?<\/p>\t\t\t\t\t\t<\/div>\n\t\t\t\t<\/div>\n\t\t<div class=\"elementor-element elementor-element-a32d469 e-con-full e-grid e-con\" data-id=\"a32d469\" data-element_type=\"container\" data-settings=\"{&quot;content_width&quot;:&quot;full&quot;,&quot;grid_columns_grid&quot;:{&quot;unit&quot;:&quot;fr&quot;,&quot;size&quot;:4,&quot;sizes&quot;:[]},&quot;grid_rows_grid&quot;:{&quot;unit&quot;:&quot;fr&quot;,&quot;size&quot;:1,&quot;sizes&quot;:[]},&quot;grid_outline&quot;:&quot;yes&quot;,&quot;grid_columns_grid_tablet&quot;:{&quot;unit&quot;:&quot;fr&quot;,&quot;size&quot;:&quot;&quot;,&quot;sizes&quot;:[]},&quot;grid_columns_grid_mobile&quot;:{&quot;unit&quot;:&quot;fr&quot;,&quot;size&quot;:1,&quot;sizes&quot;:[]},&quot;grid_rows_grid_tablet&quot;:{&quot;unit&quot;:&quot;fr&quot;,&quot;size&quot;:&quot;&quot;,&quot;sizes&quot;:[]},&quot;grid_rows_grid_mobile&quot;:{&quot;unit&quot;:&quot;fr&quot;,&quot;size&quot;:&quot;&quot;,&quot;sizes&quot;:[]}}\">\n\t\t\t\t<div class=\"elementor-element elementor-element-af7304f elementor-view-default elementor-position-top elementor-mobile-position-top elementor-invisible elementor-widget elementor-widget-icon-box\" data-id=\"af7304f\" data-element_type=\"widget\" data-settings=\"{&quot;_animation&quot;:&quot;slideInUp&quot;}\" data-widget_type=\"icon-box.default\">\n\t\t\t\t<div class=\"elementor-widget-container\">\n\t\t\t<link rel=\"stylesheet\" href=\"https:\/\/sbeb.org.br\/cbeb2024\/wp-content\/plugins\/elementor\/assets\/css\/widget-icon-box.min.css\">\t\t<div class=\"elementor-icon-box-wrapper\">\n\t\t\t\t\t\t<div class=\"elementor-icon-box-icon\">\n\t\t\t\t<span class=\"elementor-icon elementor-animation-\" >\n\t\t\t\t<i aria-hidden=\"true\" class=\"fas fa-lightbulb\"><\/i>\t\t\t\t<\/span>\n\t\t\t<\/div>\n\t\t\t\t\t\t<div class=\"elementor-icon-box-content\">\n\t\t\t\t<h3 class=\"elementor-icon-box-title\">\n\t\t\t\t\t<span  >\n\t\t\t\t\t\t Aprender a criar uma Startup\t\t\t\t\t<\/span>\n\t\t\t\t<\/h3>\n\t\t\t\t\t\t\t\t\t<p class=\"elementor-icon-box-description\">\n\t\t\t\t\t\tNo decorrer do evento, ensinaremos os elementos essenciais para criar uma startup. O melhor jeito de aprender \u00e9 na pr\u00e1tica!\t\t\t\t\t<\/p>\n\t\t\t\t\t\t\t<\/div>\n\t\t<\/div>\n\t\t\t\t<\/div>\n\t\t\t\t<\/div>\n\t\t\t\t<div class=\"elementor-element elementor-element-60d32f1 elementor-view-default elementor-position-top elementor-mobile-position-top elementor-invisible elementor-widget elementor-widget-icon-box\" data-id=\"60d32f1\" data-element_type=\"widget\" data-settings=\"{&quot;_animation&quot;:&quot;slideInUp&quot;,&quot;_animation_delay&quot;:200}\" data-widget_type=\"icon-box.default\">\n\t\t\t\t<div class=\"elementor-widget-container\">\n\t\t\t\t\t<div class=\"elementor-icon-box-wrapper\">\n\t\t\t\t\t\t<div class=\"elementor-icon-box-icon\">\n\t\t\t\t<span class=\"elementor-icon elementor-animation-\" >\n\t\t\t\t<i aria-hidden=\"true\" class=\"fas fa-users\"><\/i>\t\t\t\t<\/span>\n\t\t\t<\/div>\n\t\t\t\t\t\t<div class=\"elementor-icon-box-content\">\n\t\t\t\t<h3 class=\"elementor-icon-box-title\">\n\t\t\t\t\t<span  >\n\t\t\t\t\t\tAdquirir Networking \t\t\t\t\t<\/span>\n\t\t\t\t<\/h3>\n\t\t\t\t\t\t\t\t\t<p class=\"elementor-icon-box-description\">\n\t\t\t\t\t\tConhe\u00e7a pessoas incr\u00edveis que compartilham o mesmo desejo de transforma\u00e7\u00e3o social. O p\u00fablico diverso do evento traz in\u00fameras oportunidades!\t\t\t\t\t<\/p>\n\t\t\t\t\t\t\t<\/div>\n\t\t<\/div>\n\t\t\t\t<\/div>\n\t\t\t\t<\/div>\n\t\t\t\t<div class=\"elementor-element elementor-element-f9eec8d elementor-view-default elementor-position-top elementor-mobile-position-top elementor-invisible elementor-widget elementor-widget-icon-box\" data-id=\"f9eec8d\" data-element_type=\"widget\" data-settings=\"{&quot;_animation&quot;:&quot;slideInUp&quot;,&quot;_animation_delay&quot;:400}\" data-widget_type=\"icon-box.default\">\n\t\t\t\t<div class=\"elementor-widget-container\">\n\t\t\t\t\t<div class=\"elementor-icon-box-wrapper\">\n\t\t\t\t\t\t<div class=\"elementor-icon-box-icon\">\n\t\t\t\t<span class=\"elementor-icon elementor-animation-\" >\n\t\t\t\t<i aria-hidden=\"true\" class=\"fas fa-rocket\"><\/i>\t\t\t\t<\/span>\n\t\t\t<\/div>\n\t\t\t\t\t\t<div class=\"elementor-icon-box-content\">\n\t\t\t\t<h3 class=\"elementor-icon-box-title\">\n\t\t\t\t\t<span  >\n\t\t\t\t\t\t Se tornar um Empreendedor\t\t\t\t\t<\/span>\n\t\t\t\t<\/h3>\n\t\t\t\t\t\t\t\t\t<p class=\"elementor-icon-box-description\">\n\t\t\t\t\t\tNessa maratona, voc\u00ea ter\u00e1 apoio de empreendedores experientes, e sair\u00e1 do evento pronto para dar seu primeiro passo no empreendedorismo.\t\t\t\t\t<\/p>\n\t\t\t\t\t\t\t<\/div>\n\t\t<\/div>\n\t\t\t\t<\/div>\n\t\t\t\t<\/div>\n\t\t\t\t<div class=\"elementor-element elementor-element-097fdf9 elementor-view-default elementor-position-top elementor-mobile-position-top elementor-invisible elementor-widget elementor-widget-icon-box\" data-id=\"097fdf9\" data-element_type=\"widget\" data-settings=\"{&quot;_animation&quot;:&quot;slideInUp&quot;,&quot;_animation_delay&quot;:600}\" data-widget_type=\"icon-box.default\">\n\t\t\t\t<div class=\"elementor-widget-container\">\n\t\t\t\t\t<div class=\"elementor-icon-box-wrapper\">\n\t\t\t\t\t\t<div class=\"elementor-icon-box-icon\">\n\t\t\t\t<span class=\"elementor-icon elementor-animation-\" >\n\t\t\t\t<i aria-hidden=\"true\" class=\"fas fa-pencil-alt\"><\/i>\t\t\t\t<\/span>\n\t\t\t<\/div>\n\t\t\t\t\t\t<div class=\"elementor-icon-box-content\">\n\t\t\t\t<h3 class=\"elementor-icon-box-title\">\n\t\t\t\t\t<span  >\n\t\t\t\t\t\tTirar as Ideias do Papel \t\t\t\t\t<\/span>\n\t\t\t\t<\/h3>\n\t\t\t\t\t\t\t\t\t<p class=\"elementor-icon-box-description\">\n\t\t\t\t\t\tO objetivo desse Ideathon \u00e9 fazer voc\u00ea ir al\u00e9m da teoria e criar verdadeiras solu\u00e7\u00f5es voltadas \u00e0 educa\u00e7\u00e3o.\t\t\t\t\t<\/p>\n\t\t\t\t\t\t\t<\/div>\n\t\t<\/div>\n\t\t\t\t<\/div>\n\t\t\t\t<\/div>\n\t\t\t\t<\/div>\n\t\t\t\t<\/div>\n\t\t\t\t\t<\/div>\n\t\t\t\t<\/div>\n\t\t<div class=\"elementor-element elementor-element-387579f e-flex e-con-boxed e-con\" data-id=\"387579f\" data-element_type=\"container\" data-settings=\"{&quot;content_width&quot;:&quot;boxed&quot;}\">\n\t\t\t\t\t<div class=\"e-con-inner\">\n\t\t\t\t<div class=\"elementor-element elementor-element-01c42d3 elementor-widget elementor-widget-heading\" data-id=\"01c42d3\" data-element_type=\"widget\" data-widget_type=\"heading.default\">\n\t\t\t\t<div class=\"elementor-widget-container\">\n\t\t\t<h2 class=\"elementor-heading-title elementor-size-default\"><a href=\"https:\/\/sbeb.org.br\/cbeb2024\/ideathon\/\" target=\"_blank\">Seja um investidor parceiro para impulsionar a inova\u00e7\u00e3o na ind\u00fastria da sa\u00fade no Brasil e transformar o futuro da medicina juntos!<br><br>Clique neste texto para saber mais, ou acesse a aba Patrocinadores e Expositores - Ideathon !<\/a><\/h2>\t\t<\/div>\n\t\t\t\t<\/div>\n\t\t\t\t<div class=\"elementor-element elementor-element-2a0c100 elementor-widget elementor-widget-image\" data-id=\"2a0c100\" data-element_type=\"widget\" data-widget_type=\"image.default\">\n\t\t\t\t<div class=\"elementor-widget-container\">\n\t\t\t<style>\/*! elementor - v3.15.0 - 09-08-2023 *\/\n.elementor-widget-image{text-align:center}.elementor-widget-image a{display:inline-block}.elementor-widget-image a img[src$=\".svg\"]{width:48px}.elementor-widget-image img{vertical-align:middle;display:inline-block}<\/style>\t\t\t\t\t\t\t\t\t\t\t\t<img decoding=\"async\" loading=\"lazy\" width=\"1536\" height=\"864\" src=\"https:\/\/sbeb.org.br\/cbeb2024\/wp-content\/uploads\/2024\/08\/empresas-ideathon-1-1536x864.jpg\" class=\"attachment-1536x1536 size-1536x1536 wp-image-4235\" alt=\"\" srcset=\"https:\/\/sbeb.org.br\/cbeb2024\/wp-content\/uploads\/2024\/08\/empresas-ideathon-1-1536x864.jpg 1536w, https:\/\/sbeb.org.br\/cbeb2024\/wp-content\/uploads\/2024\/08\/empresas-ideathon-1-300x169.jpg 300w, https:\/\/sbeb.org.br\/cbeb2024\/wp-content\/uploads\/2024\/08\/empresas-ideathon-1-1024x576.jpg 1024w, https:\/\/sbeb.org.br\/cbeb2024\/wp-content\/uploads\/2024\/08\/empresas-ideathon-1-768x432.jpg 768w, https:\/\/sbeb.org.br\/cbeb2024\/wp-content\/uploads\/2024\/08\/empresas-ideathon-1-2048x1152.jpg 2048w\" sizes=\"(max-width: 1536px) 100vw, 1536px\" \/>\t\t\t\t\t\t\t\t\t\t\t\t\t\t\t<\/div>\n\t\t\t\t<\/div>\n\t\t\t\t<div class=\"elementor-element elementor-element-abcc0a3 elementor-widget elementor-widget-spacer\" data-id=\"abcc0a3\" data-element_type=\"widget\" data-widget_type=\"spacer.default\">\n\t\t\t\t<div class=\"elementor-widget-container\">\n\t\t\t<style>\/*! elementor - v3.15.0 - 09-08-2023 *\/\n.elementor-column .elementor-spacer-inner{height:var(--spacer-size)}.e-con{--container-widget-width:100%}.e-con-inner>.elementor-widget-spacer,.e-con>.elementor-widget-spacer{width:var(--container-widget-width,var(--spacer-size));--align-self:var(--container-widget-align-self,initial);--flex-shrink:0}.e-con-inner>.elementor-widget-spacer>.elementor-widget-container,.e-con-inner>.elementor-widget-spacer>.elementor-widget-container>.elementor-spacer,.e-con>.elementor-widget-spacer>.elementor-widget-container,.e-con>.elementor-widget-spacer>.elementor-widget-container>.elementor-spacer{height:100%}.e-con-inner>.elementor-widget-spacer>.elementor-widget-container>.elementor-spacer>.elementor-spacer-inner,.e-con>.elementor-widget-spacer>.elementor-widget-container>.elementor-spacer>.elementor-spacer-inner{height:var(--container-widget-height,var(--spacer-size))}<\/style>\t\t<div class=\"elementor-spacer\">\n\t\t\t<div class=\"elementor-spacer-inner\"><\/div>\n\t\t<\/div>\n\t\t\t\t<\/div>\n\t\t\t\t<\/div>\n\t\t\t\t\t<\/div>\n\t\t\t\t<\/div>\n\t\t\t\t<\/div>\n\t\t<div class=\"elementor-element elementor-element-738335c e-flex e-con-boxed e-con\" data-id=\"738335c\" data-element_type=\"container\" data-settings=\"{&quot;content_width&quot;:&quot;boxed&quot;}\">\n\t\t\t\t\t<div class=\"e-con-inner\">\n\t\t\t\t\t<\/div>\n\t\t\t\t<\/div>\n\t\t\t\t\t\t\t<\/div>\n\t\t","protected":false},"excerpt":{"rendered":"<p>Ideathon de tecnologia e inova\u00e7\u00e3o em sa\u00fade Evento gratuito e paralelo ao CBEB2024, a partir da tarde do dia 04\/09 at\u00e9 o dia 06\/09 (Tempo Integral) no Campus da USP Ribeir\u00e3o Acesse o Regulamento do IDEATHON! Regulamento IDEATHON CBEB 2024 (PDF) Acesse o Programa Ideathon Programa\u00e7\u00e3o Ideathon Um evento em que pessoas se re\u00fanem para [&hellip;]<\/p>\n","protected":false},"author":6,"featured_media":0,"parent":0,"menu_order":0,"comment_status":"closed","ping_status":"closed","template":"elementor_header_footer","meta":{"footnotes":""},"_links":{"self":[{"href":"https:\/\/sbeb.org.br\/cbeb2024\/wp-json\/wp\/v2\/pages\/2989"}],"collection":[{"href":"https:\/\/sbeb.org.br\/cbeb2024\/wp-json\/wp\/v2\/pages"}],"about":[{"href":"https:\/\/sbeb.org.br\/cbeb2024\/wp-json\/wp\/v2\/types\/page"}],"author":[{"embeddable":true,"href":"https:\/\/sbeb.org.br\/cbeb2024\/wp-json\/wp\/v2\/users\/6"}],"replies":[{"embeddable":true,"href":"https:\/\/sbeb.org.br\/cbeb2024\/wp-json\/wp\/v2\/comments?post=2989"}],"version-history":[{"count":77,"href":"https:\/\/sbeb.org.br\/cbeb2024\/wp-json\/wp\/v2\/pages\/2989\/revisions"}],"predecessor-version":[{"id":5589,"href":"https:\/\/sbeb.org.br\/cbeb2024\/wp-json\/wp\/v2\/pages\/2989\/revisions\/5589"}],"wp:attachment":[{"href":"https:\/\/sbeb.org.br\/cbeb2024\/wp-json\/wp\/v2\/media?parent=2989"}],"curies":[{"name":"wp","href":"https:\/\/api.w.org\/{rel}","templated":true}]}}