{"id":3148,"date":"2024-07-22T10:47:42","date_gmt":"2024-07-22T13:47:42","guid":{"rendered":"https:\/\/sbeb.org.br\/cbeb2024\/?page_id=3148"},"modified":"2024-08-23T14:28:35","modified_gmt":"2024-08-23T17:28:35","slug":"hospedagem-transporte","status":"publish","type":"page","link":"https:\/\/sbeb.org.br\/cbeb2024\/hospedagem-transporte\/","title":{"rendered":"Hospedagem e Transporte"},"content":{"rendered":"\t\t<div data-elementor-type=\"wp-page\" data-elementor-id=\"3148\" class=\"elementor elementor-3148\" data-elementor-post-type=\"page\">\n\t\t\t\t\t\t\t<div class=\"elementor-element elementor-element-b741e45 e-con-full e-flex e-con\" data-id=\"b741e45\" data-element_type=\"container\" data-settings=\"{&quot;content_width&quot;:&quot;full&quot;}\">\n\t\t\t\t<\/div>\n\t\t<div class=\"elementor-element elementor-element-eb2a09a e-flex e-con-boxed e-con\" data-id=\"eb2a09a\" data-element_type=\"container\" data-settings=\"{&quot;content_width&quot;:&quot;boxed&quot;}\">\n\t\t\t\t\t<div class=\"e-con-inner\">\n\t\t<div class=\"elementor-element elementor-element-b195a64 e-con-full e-flex e-con\" data-id=\"b195a64\" data-element_type=\"container\" data-settings=\"{&quot;content_width&quot;:&quot;full&quot;}\">\n\t\t\t\t<div class=\"elementor-element elementor-element-6427b27 elementor-widget elementor-widget-text-editor\" data-id=\"6427b27\" data-element_type=\"widget\" data-widget_type=\"text-editor.default\">\n\t\t\t\t<div class=\"elementor-widget-container\">\n\t\t\t<style>\/*! elementor - v3.15.0 - 09-08-2023 *\/\n.elementor-widget-text-editor.elementor-drop-cap-view-stacked .elementor-drop-cap{background-color:#69727d;color:#fff}.elementor-widget-text-editor.elementor-drop-cap-view-framed .elementor-drop-cap{color:#69727d;border:3px solid;background-color:transparent}.elementor-widget-text-editor:not(.elementor-drop-cap-view-default) .elementor-drop-cap{margin-top:8px}.elementor-widget-text-editor:not(.elementor-drop-cap-view-default) .elementor-drop-cap-letter{width:1em;height:1em}.elementor-widget-text-editor .elementor-drop-cap{float:left;text-align:center;line-height:1;font-size:50px}.elementor-widget-text-editor .elementor-drop-cap-letter{display:inline-block}<\/style>\t\t\t\t<h3><strong>Locais do Evento:<\/strong><\/h3><p><strong>Minicursos (02\/09)<\/strong>: <a href=\"https:\/\/www.google.com\/maps\/place\/Bloco+das+Exatas+da+FFCLRP-USP\/@-21.1675315,-47.8478156,20.13z\/data=!4m6!3m5!1s0x94b9bdba6b009753:0x98af63081d427c3!8m2!3d-21.1673799!4d-47.8481097!16s%2Fg%2F11ghzlq16z?entry=ttu\">Bloco Did\u00e1tico das Exatas da FFCLRP (B4) &#8211; Campus USP Ribeir\u00e3o Preto<\/a> (pr\u00f3ximo \u00e0 Faculdade de Direito e \u00e0 Cantina do Valter);<br \/><strong>Abertura (02\/09):<\/strong> <a href=\"https:\/\/www.google.com\/maps\/place\/Theatro+Pedro+II+-+Funda%C3%A7%C3%A3o+Dom+Pedro+II\/@-21.1743354,-47.8124074,17z\/data=!3m1!4b1!4m6!3m5!1s0x94b9bef9697f82ab:0x1418e5f3ea732c8!8m2!3d-21.1743354!4d-47.8098325!16s%2Fg%2F1236h24b?entry=ttu\">Theatro Pedro II<\/a> (centro da cidade e ao lado da Chopperia Pinguim);<br \/><strong>Congresso (03 a 06\/09):<\/strong> <a href=\"https:\/\/www.google.com\/maps\/place\/Faculdade+de+Direito+de+Ribeir%C3%A3o+Preto+da+Universidade+de+S%C3%A3o+Paulo+(FDRP-USP)\/@-21.1661725,-47.8486441,17z\/data=!3m1!4b1!4m6!3m5!1s0x94b9bddeeab254f5:0x919ca4b538569ded!8m2!3d-21.1661725!4d-47.8460692!16s%2Fg%2F12148vqw?entry=ttu\">Centro de Eventos da Faculdade de Direito &#8211; Campus USP Ribeir\u00e3o Preto<\/a>;<br \/><strong>Ideathon (04 a 06\/09):<\/strong> <a href=\"https:\/\/www.google.com\/maps\/place\/Biblioteca+Central+do+Campus+USP+de+Ribeir%C3%A3o+Preto+(BCRP-USP)\/@-21.1670335,-47.8524204,17z\/data=!4m6!3m5!1s0x94b9bddcc4006bfb:0x80299ab0f81dc942!8m2!3d-21.1675638!4d-47.8516372!16s%2Fg%2F1ptxw_79s?entry=ttu\">Biblioteca Central &#8211; Campus USP Ribeir\u00e3o Preto<\/a>.<\/p>\t\t\t\t\t\t<\/div>\n\t\t\t\t<\/div>\n\t\t\t\t<div class=\"elementor-element elementor-element-d525959 elementor-widget elementor-widget-image\" data-id=\"d525959\" data-element_type=\"widget\" data-widget_type=\"image.default\">\n\t\t\t\t<div class=\"elementor-widget-container\">\n\t\t\t<style>\/*! elementor - v3.15.0 - 09-08-2023 *\/\n.elementor-widget-image{text-align:center}.elementor-widget-image a{display:inline-block}.elementor-widget-image a img[src$=\".svg\"]{width:48px}.elementor-widget-image img{vertical-align:middle;display:inline-block}<\/style>\t\t\t\t\t\t\t\t\t\t\t\t<img decoding=\"async\" loading=\"lazy\" width=\"1398\" height=\"966\" src=\"https:\/\/sbeb.org.br\/cbeb2024\/wp-content\/uploads\/2024\/08\/mapa-campus.png\" class=\"attachment-full size-full wp-image-3844\" alt=\"\" srcset=\"https:\/\/sbeb.org.br\/cbeb2024\/wp-content\/uploads\/2024\/08\/mapa-campus.png 1398w, https:\/\/sbeb.org.br\/cbeb2024\/wp-content\/uploads\/2024\/08\/mapa-campus-300x207.png 300w, https:\/\/sbeb.org.br\/cbeb2024\/wp-content\/uploads\/2024\/08\/mapa-campus-1024x708.png 1024w, https:\/\/sbeb.org.br\/cbeb2024\/wp-content\/uploads\/2024\/08\/mapa-campus-768x531.png 768w\" sizes=\"(max-width: 1398px) 100vw, 1398px\" \/>\t\t\t\t\t\t\t\t\t\t\t\t\t\t\t<\/div>\n\t\t\t\t<\/div>\n\t\t\t\t<\/div>\n\t\t<div class=\"elementor-element elementor-element-31237b2 e-con-full e-flex e-con\" data-id=\"31237b2\" data-element_type=\"container\" data-settings=\"{&quot;content_width&quot;:&quot;full&quot;}\">\n\t\t\t\t<div class=\"elementor-element elementor-element-b83a256 elementor-widget__width-initial elementor-view-default elementor-widget elementor-widget-icon\" data-id=\"b83a256\" data-element_type=\"widget\" data-widget_type=\"icon.default\">\n\t\t\t\t<div class=\"elementor-widget-container\">\n\t\t\t\t\t<div class=\"elementor-icon-wrapper\">\n\t\t\t<div class=\"elementor-icon\">\n\t\t\t<i aria-hidden=\"true\" class=\"fas fa-hotel\"><\/i>\t\t\t<\/div>\n\t\t<\/div>\n\t\t\t\t<\/div>\n\t\t\t\t<\/div>\n\t\t\t\t<div class=\"elementor-element elementor-element-ac866e2 elementor-widget elementor-widget-text-editor\" data-id=\"ac866e2\" data-element_type=\"widget\" data-widget_type=\"text-editor.default\">\n\t\t\t\t<div class=\"elementor-widget-container\">\n\t\t\t\t\t\t\t<h2>Conhe\u00e7a as op\u00e7\u00f5es de hospedagem selecionadas e com desconto especial aos participantes do Congresso:<\/h2>\t\t\t\t\t\t<\/div>\n\t\t\t\t<\/div>\n\t\t\t\t<\/div>\n\t\t<div class=\"elementor-element elementor-element-907221e e-con-full e-flex e-con\" data-id=\"907221e\" data-element_type=\"container\" data-settings=\"{&quot;content_width&quot;:&quot;full&quot;}\">\n\t\t\t\t<div class=\"elementor-element elementor-element-899aa06 elementor-widget__width-inherit elementor-widget elementor-widget-accordion\" data-id=\"899aa06\" data-element_type=\"widget\" data-widget_type=\"accordion.default\">\n\t\t\t\t<div class=\"elementor-widget-container\">\n\t\t\t<style>\/*! elementor - v3.15.0 - 09-08-2023 *\/\n.elementor-accordion{text-align:left}.elementor-accordion .elementor-accordion-item{border:1px solid #d5d8dc}.elementor-accordion .elementor-accordion-item+.elementor-accordion-item{border-top:none}.elementor-accordion .elementor-tab-title{margin:0;padding:15px 20px;font-weight:700;line-height:1;cursor:pointer;outline:none}.elementor-accordion .elementor-tab-title .elementor-accordion-icon{display:inline-block;width:1.5em}.elementor-accordion .elementor-tab-title .elementor-accordion-icon svg{width:1em;height:1em}.elementor-accordion .elementor-tab-title .elementor-accordion-icon.elementor-accordion-icon-right{float:right;text-align:right}.elementor-accordion .elementor-tab-title .elementor-accordion-icon.elementor-accordion-icon-left{float:left;text-align:left}.elementor-accordion .elementor-tab-title .elementor-accordion-icon .elementor-accordion-icon-closed{display:block}.elementor-accordion .elementor-tab-title .elementor-accordion-icon .elementor-accordion-icon-opened,.elementor-accordion .elementor-tab-title.elementor-active .elementor-accordion-icon-closed{display:none}.elementor-accordion .elementor-tab-title.elementor-active .elementor-accordion-icon-opened{display:block}.elementor-accordion .elementor-tab-content{display:none;padding:15px 20px;border-top:1px solid #d5d8dc}@media (max-width:767px){.elementor-accordion .elementor-tab-title{padding:12px 15px}.elementor-accordion .elementor-tab-title .elementor-accordion-icon{width:1.2em}.elementor-accordion .elementor-tab-content{padding:7px 15px}}.e-con-inner>.elementor-widget-accordion,.e-con>.elementor-widget-accordion{width:var(--container-widget-width);--flex-grow:var(--container-widget-flex-grow)}<\/style>\t\t<div class=\"elementor-accordion\">\n\t\t\t\t\t\t\t<div class=\"elementor-accordion-item\">\n\t\t\t\t\t<div id=\"elementor-tab-title-1441\" class=\"elementor-tab-title\" data-tab=\"1\" role=\"button\" aria-controls=\"elementor-tab-content-1441\" aria-expanded=\"false\">\n\t\t\t\t\t\t\t\t\t\t\t\t\t<span class=\"elementor-accordion-icon elementor-accordion-icon-left\" aria-hidden=\"true\">\n\t\t\t\t\t\t\t\t\t\t\t\t\t\t\t<span class=\"elementor-accordion-icon-closed\"><i class=\"fas fa-plus\"><\/i><\/span>\n\t\t\t\t\t\t\t\t<span class=\"elementor-accordion-icon-opened\"><i class=\"fas fa-minus\"><\/i><\/span>\n\t\t\t\t\t\t\t\t\t\t\t\t\t\t<\/span>\n\t\t\t\t\t\t\t\t\t\t\t\t<a class=\"elementor-accordion-title\" tabindex=\"0\">       Hotel Pousada Santa Rita<\/a>\n\t\t\t\t\t<\/div>\n\t\t\t\t\t<div id=\"elementor-tab-content-1441\" class=\"elementor-tab-content elementor-clearfix\" data-tab=\"1\" role=\"region\" aria-labelledby=\"elementor-tab-title-1441\"><p>\u00a0 \u00a0 \u00a0 \u00a0 Av. do \u00a0Caf\u00e9, 2295 &#8211; Ribeir\u00e3o Preto &#8211; SP<\/p><p>\u00a0 \u00a0 \u00a0 \u00a0\u00a0<a href=\"https:\/\/www.google.com\/maps\/dir\/Faculdade+de+Direito+de+Ribeir%C3%A3o+Preto+da+Universidade+de+S%C3%A3o+Paulo+(FDRP-USP),+Av.+Bandeirantes,+3900+-+Vila+Monte+Alegre,+Ribeir%C3%A3o+Preto+-+SP,+14040-906\/Pousada+Santa+Rita+Av.+do+Caf%C3%A9,+2295+-+Vila+Amelia+Ribeir%C3%A3o+Preto+-+SP+14050-230\/@-21.1704781,-47.8486826,16z\/data=!3m1!4b1!4m13!4m12!1m5!1m1!1s0x94b9bddeeab254f5:0x919ca4b538569ded!2m2!1d-47.8460688!2d-21.1661738!1m5!1m1!1s0x94b9be793103dfe7:0xc9679f336cdfd8f8!2m2!1d-47.8401451!2d-21.1745873?entry=ttu\">Saiba a dist\u00e2ncia e a rota. \u00c9 poss\u00edvel ir caminhando em 15 minutos ou 4 minutos de carro.<\/a><\/p><p>\u00a0 \u00a0 \u00a0 \u00a0\u00a0<a href=\"http:\/\/www.hotelpousadasantarita.com.br\/\">Conhe\u00e7a o site<\/a>\u00a0\u00a0 \u00a0\u00a0<\/p><p>\u00a0 \u00a0 \u00a0 \u00a0\u00a0Informe o cupom \u00a0&#8211; Participantes grupo 5008 para obter o desconto.<\/p><p>\u00a0 \u00a0 \u00a0 \u00a0\u00a0Email: <a href=\"mailto:reservas@hotelpousadasantarita.com.br\">reservas@hotelpousadasantarita.com.br<\/a>\u00a0<\/p><p>\u00a0 \u00a0 \u00a0 \u00a0 Fone: \u00a016 3966-5404<\/p><p>\u00a0 \u00a0 \u00a0 \u00a0Conhe\u00e7a o\u00a0valores:\u00a0<\/p><p>-&gt; Single Luxo\u00a0 \u00a0 \u00a0 \u00a0 \u00a0 \u00a0 \u00a0 \u00a0 R$ 191,00<\/p><p>-&gt; Luxo Duplo \u00a0\u00a0\u00a0\u00a0\u00a0\u00a0\u00a0\u00a0\u00a0\u00a0\u00a0\u00a0 \u00a0 \u00a0R$ 246,00<\/p><p>-&gt; Super Luxo Single\u00a0 \u00a0 \u00a0R$ 229,00<\/p><p>-&gt; Super Luxo Duplo\u00a0 \u00a0 \u00a0 R$ 288,00<\/p><p>-&gt; Super Luxo Triplo\u00a0 \u00a0 \u00a0 R$ 356,00<\/p><p>-&gt; Super Luxo Qu\u00e1druplo \u00a0 R$ 413,00<\/p><p>Tarifas v\u00e1lidas at\u00e9 05\/07\/2024, ap\u00f3s esta data sujeito \u00e0 altera\u00e7\u00e3o.\u00a0<\/p><p>\u00a0 \u00a0Incluso: estacionamento, caf\u00e9 da manh\u00e3 e internet<\/p><\/div>\n\t\t\t\t<\/div>\n\t\t\t\t\t\t\t<div class=\"elementor-accordion-item\">\n\t\t\t\t\t<div id=\"elementor-tab-title-1442\" class=\"elementor-tab-title\" data-tab=\"2\" role=\"button\" aria-controls=\"elementor-tab-content-1442\" aria-expanded=\"false\">\n\t\t\t\t\t\t\t\t\t\t\t\t\t<span class=\"elementor-accordion-icon elementor-accordion-icon-left\" aria-hidden=\"true\">\n\t\t\t\t\t\t\t\t\t\t\t\t\t\t\t<span class=\"elementor-accordion-icon-closed\"><i class=\"fas fa-plus\"><\/i><\/span>\n\t\t\t\t\t\t\t\t<span class=\"elementor-accordion-icon-opened\"><i class=\"fas fa-minus\"><\/i><\/span>\n\t\t\t\t\t\t\t\t\t\t\t\t\t\t<\/span>\n\t\t\t\t\t\t\t\t\t\t\t\t<a class=\"elementor-accordion-title\" tabindex=\"0\">     Hotel Tryp By Wyndham Ribeir\u00e3o Preto<\/a>\n\t\t\t\t\t<\/div>\n\t\t\t\t\t<div id=\"elementor-tab-content-1442\" class=\"elementor-tab-content elementor-clearfix\" data-tab=\"2\" role=\"region\" aria-labelledby=\"elementor-tab-title-1442\"><p>Av. Dr Jos\u00e9 Ces\u00e1rio Monteiro da Silva Filho, 150 &#8211;\u00a0Ribeir\u00e3o Preto<\/p><p>\u00a0 \u00a0 \u00a0 Saiba a\u00a0<a href=\"https:\/\/www.google.com\/maps\/dir\/Faculdade+de+Direito+de+Ribeir%C3%A3o+Preto+da+Universidade+de+S%C3%A3o+Paulo+(FDRP-USP),+Av.+Bandeirantes,+3900+-+Vila+Monte+Alegre,+Ribeir%C3%A3o+Preto+-+SP,+14040-906\/Av.+Dr.+Jos%C3%A9+Ces%C3%A1rio+Monteiro+da+Silva,+150+-+Jardim+Nova+Alianca,+Ribeir%C3%A3o+Preto+-+SP,+14026-600\/@-21.1933487,-47.8906007,13z\/data=!3m1!4b1!4m13!4m12!1m5!1m1!1s0x94b9bddeeab254f5:0x919ca4b538569ded!2m2!1d-47.8460688!2d-21.1661738!1m5!1m1!1s0x94b9b935c955f9e1:0xbe1eeb7fc13a320a!2m2!1d-47.8211406!2d-21.2166985?entry=ttu\">dist\u00e2ncia<\/a>\u00a0e a rota.\u00a0<\/p><p>\u00a0\u00a0 \u00a0 \u00a0 O hotel fica pr\u00f3ximo ao Ribeir\u00e3o Shopping, Novo Mercad\u00e3o na zona Sul de Ribeir\u00e3o Preto.<\/p><p>\u00a0 \u00a0 \u00a0 Conhe\u00e7a \u00a0o hotel e as tarifas com desconto especial para participantes do Congresso.\u00a0<\/p><p>\u00a0 \u00a0\u00a0 \u00a0<a href=\"https:\/\/app.otabuilder.com\/congressoenbiomedica\">Clique aqui<\/a>\u00a0e fa\u00e7a direto a sua reserva com esta vantagem.\u00a0<\/p><p>\u00a0 \u00a0 \u00a0 Incluso caf\u00e9 da manh\u00e3 e internet.\u00a0<\/p><p>\u00a0 \u00a0 \u00a0Se precisar, fa\u00e7a contato mencionando o nome do evento:<\/p><p>\u00a0 \u00a0 \u00a0Fone:\u00a0\u00a016 3512-6130<\/p><p>\u00a0 \u00a0 Whatssap: 16992681097<\/p><p>\u00a0 \u00a0 Email: <a href=\"mailto:reservas1@tryprao.com.br\">reservas1@tryprao.com.br<\/a> ou <a href=\"mailto:reservas@tryprao.com.br\">reservas@tryprao.com.br<\/a>\u00a0<\/p><\/div>\n\t\t\t\t<\/div>\n\t\t\t\t\t\t\t<div class=\"elementor-accordion-item\">\n\t\t\t\t\t<div id=\"elementor-tab-title-1443\" class=\"elementor-tab-title\" data-tab=\"3\" role=\"button\" aria-controls=\"elementor-tab-content-1443\" aria-expanded=\"false\">\n\t\t\t\t\t\t\t\t\t\t\t\t\t<span class=\"elementor-accordion-icon elementor-accordion-icon-left\" aria-hidden=\"true\">\n\t\t\t\t\t\t\t\t\t\t\t\t\t\t\t<span class=\"elementor-accordion-icon-closed\"><i class=\"fas fa-plus\"><\/i><\/span>\n\t\t\t\t\t\t\t\t<span class=\"elementor-accordion-icon-opened\"><i class=\"fas fa-minus\"><\/i><\/span>\n\t\t\t\t\t\t\t\t\t\t\t\t\t\t<\/span>\n\t\t\t\t\t\t\t\t\t\t\t\t<a class=\"elementor-accordion-title\" tabindex=\"0\">Combo Hotel Mercure e Ibis Styles Ribeir\u00e3o Preto<\/a>\n\t\t\t\t\t<\/div>\n\t\t\t\t\t<div id=\"elementor-tab-content-1443\" class=\"elementor-tab-content elementor-clearfix\" data-tab=\"3\" role=\"region\" aria-labelledby=\"elementor-tab-title-1443\"><p>Av. Wladimir Meirelles Ferreira, 1465 &#8211; Jardim Bot\u00e2nico, Ribeir\u00e3o Preto \u2013 SP<\/p><p>Reservas pelo WhatsApp (16) 3323-9800 (cupom para desconto 10% <strong>CBEB24<\/strong>), <strong>mencionar na reserva<\/strong><\/p><\/div>\n\t\t\t\t<\/div>\n\t\t\t\t\t\t\t<div class=\"elementor-accordion-item\">\n\t\t\t\t\t<div id=\"elementor-tab-title-1444\" class=\"elementor-tab-title\" data-tab=\"4\" role=\"button\" aria-controls=\"elementor-tab-content-1444\" aria-expanded=\"false\">\n\t\t\t\t\t\t\t\t\t\t\t\t\t<span class=\"elementor-accordion-icon elementor-accordion-icon-left\" aria-hidden=\"true\">\n\t\t\t\t\t\t\t\t\t\t\t\t\t\t\t<span class=\"elementor-accordion-icon-closed\"><i class=\"fas fa-plus\"><\/i><\/span>\n\t\t\t\t\t\t\t\t<span class=\"elementor-accordion-icon-opened\"><i class=\"fas fa-minus\"><\/i><\/span>\n\t\t\t\t\t\t\t\t\t\t\t\t\t\t<\/span>\n\t\t\t\t\t\t\t\t\t\t\t\t<a class=\"elementor-accordion-title\" tabindex=\"0\">Combo Ibis Vila do Golfe<\/a>\n\t\t\t\t\t<\/div>\n\t\t\t\t\t<div id=\"elementor-tab-content-1444\" class=\"elementor-tab-content elementor-clearfix\" data-tab=\"4\" role=\"region\" aria-labelledby=\"elementor-tab-title-1444\"><p>Av. Luis Eduardo de Toledo Prado, 780 \u2013 Vila do Golfe, Ribeir\u00e3o Preto \u2013 SP<\/p><p>Reservas pelo WhatsApp (16) 2132-9600 (cupom para desconto 10% <strong>CBEB24<\/strong>), <strong>mencionar na reserva<\/strong><\/p><\/div>\n\t\t\t\t<\/div>\n\t\t\t\t\t\t\t<div class=\"elementor-accordion-item\">\n\t\t\t\t\t<div id=\"elementor-tab-title-1445\" class=\"elementor-tab-title\" data-tab=\"5\" role=\"button\" aria-controls=\"elementor-tab-content-1445\" aria-expanded=\"false\">\n\t\t\t\t\t\t\t\t\t\t\t\t\t<span class=\"elementor-accordion-icon elementor-accordion-icon-left\" aria-hidden=\"true\">\n\t\t\t\t\t\t\t\t\t\t\t\t\t\t\t<span class=\"elementor-accordion-icon-closed\"><i class=\"fas fa-plus\"><\/i><\/span>\n\t\t\t\t\t\t\t\t<span class=\"elementor-accordion-icon-opened\"><i class=\"fas fa-minus\"><\/i><\/span>\n\t\t\t\t\t\t\t\t\t\t\t\t\t\t<\/span>\n\t\t\t\t\t\t\t\t\t\t\t\t<a class=\"elementor-accordion-title\" tabindex=\"0\">Hotel Mont Blanc Premium<\/a>\n\t\t\t\t\t<\/div>\n\t\t\t\t\t<div id=\"elementor-tab-content-1445\" class=\"elementor-tab-content elementor-clearfix\" data-tab=\"5\" role=\"region\" aria-labelledby=\"elementor-tab-title-1445\"><p>Site:\u00a0<a href=\"https:\/\/www.montblancpremium.com.br\/\" target=\"_blank\" rel=\"noopener\" data-saferedirecturl=\"https:\/\/www.google.com\/url?q=https:\/\/www.montblancpremium.com.br\/&amp;source=gmail&amp;ust=1721735121333000&amp;usg=AOvVaw16rm4thzwqbzfKrn2MFgiG\">https:\/\/www.<wbr \/>montblancpremium.com.br\/<\/a><\/p><p><b>Cupom Desconto: Prefeitura USP &#8211; Campus Ribeir\u00e3o Preto (mencionar na reserva)<\/b><\/p><p>\u00a0 \u00a0 \u00a0 Saiba a <a href=\"https:\/\/www.google.com\/maps\/dir\/USP+Campus+de+Ribeir%C3%A3o+Preto,+Av.+Bandeirantes,+3900+-+Vila+Monte+Alegre,+Ribeir%C3%A3o+Preto+-+SP,+14040-900\/Av.+Maur%C3%ADlio+Biagi,+1577+-+Ribeir%C3%A2nia,+Ribeir%C3%A3o+Preto+-+SP,+14096-075\/@-21.184779,-47.8424112,14z\/data=!3m1!4b1!4m13!4m12!1m5!1m1!1s0x94b9bdc6c2dfbdb7:0x1ba568a91260315b!2m2!1d-47.8542818!2d-21.1666127!1m5!1m1!1s0x94b9b8cd08a260f9:0xc8724c7b44c20ab3!2m2!1d-47.7910987!2d-21.2057438?entry=ttu\" target=\"_blank\" rel=\"noopener\" data-saferedirecturl=\"https:\/\/www.google.com\/url?q=https:\/\/www.google.com\/maps\/dir\/USP%2BCampus%2Bde%2BRibeir%25C3%25A3o%2BPreto,%2BAv.%2BBandeirantes,%2B3900%2B-%2BVila%2BMonte%2BAlegre,%2BRibeir%25C3%25A3o%2BPreto%2B-%2BSP,%2B14040-900\/Av.%2BMaur%25C3%25ADlio%2BBiagi,%2B1577%2B-%2BRibeir%25C3%25A2nia,%2BRibeir%25C3%25A3o%2BPreto%2B-%2BSP,%2B14096-075\/@-21.184779,-47.8424112,14z\/data%3D!3m1!4b1!4m13!4m12!1m5!1m1!1s0x94b9bdc6c2dfbdb7:0x1ba568a91260315b!2m2!1d-47.8542818!2d-21.1666127!1m5!1m1!1s0x94b9b8cd08a260f9:0xc8724c7b44c20ab3!2m2!1d-47.7910987!2d-21.2057438?entry%3Dttu&amp;source=gmail&amp;ust=1721735121333000&amp;usg=AOvVaw17OakOQZUyqD21HRY7mSFX\">dist\u00e2ncia\u00a0<\/a>do local do Congresso<\/p><p>\u00a0 \u00a0 \u00a0 Conhe\u00e7a os valores:<br \/>\u00a0 \u00a0 \u00a0 -&gt; Su\u00edte Premium Single\u00a0 &#8211;\u00a0 <b>R$ 330,00<\/b><br \/>\u00a0 \u00a0 \u00a0 -&gt; Su\u00edte Premium Double\u00a0 &#8211;\u00a0 <b>R$ 380,00<br \/><\/b>\u00a0 \u00a0 \u00a0 -&gt; Su\u00edte Luxo Fam\u00edlia\u00a0 &#8211;\u00a0 <b>R$ 520,00<br \/>\u00a0 \u00a0 \u00a0 \u00a0 <\/b>-&gt; Su\u00edte Super Luxo Single\u00a0 &#8211;\u00a0 <b>R$ 500,00<\/b><br \/>\u00a0 \u00a0 \u00a0 -&gt; Su\u00edte Super Luxo Duplo\u00a0 &#8211;\u00a0 <b>R$ 550,00<\/b><br \/>\u00a0 \u00a0 \u00a0 -&gt; Su\u00edte Super Luxo Familia\u00a0 &#8211;\u00a0 <b><span lang=\"EN-US\">R$ 690,00<\/span><\/b><\/p><p><b><span lang=\"EN-US\">Fone: 16 35166000<br \/>E-mail: <\/span><\/b><b><span lang=\"EN-US\"><a href=\"mailto:reservas@montblancpremium.com.br\" target=\"_blank\" rel=\"noopener\">reservas@montblancpremium.<wbr \/>com.br<\/a><\/span><\/b><\/p><\/div>\n\t\t\t\t<\/div>\n\t\t\t\t\t\t\t<div class=\"elementor-accordion-item\">\n\t\t\t\t\t<div id=\"elementor-tab-title-1446\" class=\"elementor-tab-title\" data-tab=\"6\" role=\"button\" aria-controls=\"elementor-tab-content-1446\" aria-expanded=\"false\">\n\t\t\t\t\t\t\t\t\t\t\t\t\t<span class=\"elementor-accordion-icon elementor-accordion-icon-left\" aria-hidden=\"true\">\n\t\t\t\t\t\t\t\t\t\t\t\t\t\t\t<span class=\"elementor-accordion-icon-closed\"><i class=\"fas fa-plus\"><\/i><\/span>\n\t\t\t\t\t\t\t\t<span class=\"elementor-accordion-icon-opened\"><i class=\"fas fa-minus\"><\/i><\/span>\n\t\t\t\t\t\t\t\t\t\t\t\t\t\t<\/span>\n\t\t\t\t\t\t\t\t\t\t\t\t<a class=\"elementor-accordion-title\" tabindex=\"0\">Hotel Arac\u00e1cia Plaza<\/a>\n\t\t\t\t\t<\/div>\n\t\t\t\t\t<div id=\"elementor-tab-content-1446\" class=\"elementor-tab-content elementor-clearfix\" data-tab=\"6\" role=\"region\" aria-labelledby=\"elementor-tab-title-1446\"><p>Site: <a href=\"https:\/\/www.araucariaplaza.com.br\/\">https:\/\/www.araucariaplaza.com.br\/<\/a><\/p><p><b>Cupom Desconto: Prefeitura USP &#8211; Campus Ribeir\u00e3o Preto (mencionar na reserva)<\/b><\/p><p>\u00a0 \u00a0 \u00a0 Saiba a <a href=\"https:\/\/www.google.com\/maps\/dir\/USP+Campus+de+Ribeir%C3%A3o+Preto,+Av.+Bandeirantes,+3900+-+Vila+Monte+Alegre,+Ribeir%C3%A3o+Preto+-+SP,+14040-900\/Hotel+Arauc%C3%A1ria+Plaza,+R.+Jo%C3%A3o+Penteado,+2103+-+Jardim+America,+Ribeir%C3%A3o+Preto+-+SP,+14020-180\/@-21.179761,-47.8459275,14z\/data=!4m13!4m12!1m5!1m1!1s0x94b9bdc6c2dfbdb7:0x1ba568a91260315b!2m2!1d-47.8542818!2d-21.1666127!1m5!1m1!1s0x94b9bf276c15ef57:0xb124697be2bdd927!2m2!1d-47.8021669!2d-21.1936389?entry=ttu\">dist\u00e2ncia<\/a>\u00a0do local do Congresso<\/p><p>\u00a0 \u00a0 \u00a0 Conhe\u00e7a os valores:<br \/>\u00a0 \u00a0 \u00a0 -&gt; Su\u00edte Premium Single\u00a0 &#8211;\u00a0 <b>R$ 263,00<\/b><br \/>\u00a0 \u00a0 \u00a0 -&gt; Su\u00edte Premium Double\u00a0 &#8211;\u00a0 <b>R$ 308,00<\/b><br \/>\u00a0 \u00a0 \u00a0 -&gt; Su\u00edte Premium Triplo OU Fam\u00edlia\u00a0 &#8211;\u00a0 <b>R$ 408,00<\/b><br \/>\u00a0 \u00a0 \u00a0 -&gt; Su\u00edte Super Luxo Single\u00a0 &#8211;\u00a0 <b>R$ 383,00<\/b><br \/>\u00a0 \u00a0 \u00a0 -&gt; Su\u00edte Super Luxo Double\u00a0 &#8211;\u00a0 <b>R$ 428,00<\/b><\/p><p><b>Fone 16 3913.1300<br \/>E-mail: <a href=\"mailto:reservas@araucariaplaza.com.br\" target=\"_blank\" rel=\"noopener\">reservas@araucariaplaza.com.<wbr \/>br<\/a><\/b><\/p><\/div>\n\t\t\t\t<\/div>\n\t\t\t\t\t\t\t<div class=\"elementor-accordion-item\">\n\t\t\t\t\t<div id=\"elementor-tab-title-1447\" class=\"elementor-tab-title\" data-tab=\"7\" role=\"button\" aria-controls=\"elementor-tab-content-1447\" aria-expanded=\"false\">\n\t\t\t\t\t\t\t\t\t\t\t\t\t<span class=\"elementor-accordion-icon elementor-accordion-icon-left\" aria-hidden=\"true\">\n\t\t\t\t\t\t\t\t\t\t\t\t\t\t\t<span class=\"elementor-accordion-icon-closed\"><i class=\"fas fa-plus\"><\/i><\/span>\n\t\t\t\t\t\t\t\t<span class=\"elementor-accordion-icon-opened\"><i class=\"fas fa-minus\"><\/i><\/span>\n\t\t\t\t\t\t\t\t\t\t\t\t\t\t<\/span>\n\t\t\t\t\t\t\t\t\t\t\t\t<a class=\"elementor-accordion-title\" tabindex=\"0\">Garden Hotel<\/a>\n\t\t\t\t\t<\/div>\n\t\t\t\t\t<div id=\"elementor-tab-content-1447\" class=\"elementor-tab-content elementor-clearfix\" data-tab=\"7\" role=\"region\" aria-labelledby=\"elementor-tab-title-1447\"><p>Site: <a href=\"https:\/\/www.gardenhotelrp.com.br\/\">https:\/\/www.gardenhotelrp.com.br\/<\/a><\/p><p><b>Cupom Desconto: Prefeitura USP &#8211; Campus Ribeir\u00e3o Preto (mencionar na reserva)<\/b><\/p><p>\u00a0 \u00a0 \u00a0 Saiba a<a href=\"https:\/\/www.google.com\/maps\/dir\/USP+Campus+de+Ribeir%C3%A3o+Preto,+Av.+Bandeirantes,+3900+-+Vila+Monte+Alegre,+Ribeir%C3%A3o+Preto+-+SP,+14040-900\/R.+Jo%C3%A3o+Penteado,+2103+-+Jardim+America,+Ribeir%C3%A3o+Preto+-+SP,+14020-180\/@-21.1801303,-47.8483856,14z\/data=!4m14!4m13!1m5!1m1!1s0x94b9bdc6c2dfbdb7:0x1ba568a91260315b!2m2!1d-47.8542818!2d-21.1666127!1m5!1m1!1s0x94b9bf276c15ef57:0xb124697be2bdd927!2m2!1d-47.8021669!2d-21.1936389!5i2?entry=ttu\" target=\"_blank\" rel=\"noopener\" data-saferedirecturl=\"https:\/\/www.google.com\/url?q=https:\/\/www.google.com\/maps\/dir\/USP%2BCampus%2Bde%2BRibeir%25C3%25A3o%2BPreto,%2BAv.%2BBandeirantes,%2B3900%2B-%2BVila%2BMonte%2BAlegre,%2BRibeir%25C3%25A3o%2BPreto%2B-%2BSP,%2B14040-900\/R.%2BJo%25C3%25A3o%2BPenteado,%2B2103%2B-%2BJardim%2BAmerica,%2BRibeir%25C3%25A3o%2BPreto%2B-%2BSP,%2B14020-180\/@-21.1801303,-47.8483856,14z\/data%3D!4m14!4m13!1m5!1m1!1s0x94b9bdc6c2dfbdb7:0x1ba568a91260315b!2m2!1d-47.8542818!2d-21.1666127!1m5!1m1!1s0x94b9bf276c15ef57:0xb124697be2bdd927!2m2!1d-47.8021669!2d-21.1936389!5i2?entry%3Dttu&amp;source=gmail&amp;ust=1721735121333000&amp;usg=AOvVaw3c9MX8HXkjTvhg6iL6sPAP\">\u00a0<\/a><a href=\"https:\/\/www.google.com\/maps\/dir\/USP+Campus+de+Ribeir%C3%A3o+Preto,+Av.+Bandeirantes,+3900+-+Vila+Monte+Alegre,+Ribeir%C3%A3o+Preto+-+SP,+14040-900\/Av.+Maur%C3%ADlio+Biagi,+2727+-+Ribeir%C3%A2nia,+Ribeir%C3%A3o+Preto+-+SP,+14096-170\/@-21.1929594,-47.8650798,13z\/data=!3m1!4b1!4m13!4m12!1m5!1m1!1s0x94b9bdc6c2dfbdb7:0x1ba568a91260315b!2m2!1d-47.8542818!2d-21.1666127!1m5!1m1!1s0x94b9b8b9d5bb5a1d:0x6f22086bb448e05e!2m2!1d-47.7814379!2d-21.2096077?entry=ttu\" target=\"_blank\" rel=\"noopener\" data-saferedirecturl=\"https:\/\/www.google.com\/url?q=https:\/\/www.google.com\/maps\/dir\/USP%2BCampus%2Bde%2BRibeir%25C3%25A3o%2BPreto,%2BAv.%2BBandeirantes,%2B3900%2B-%2BVila%2BMonte%2BAlegre,%2BRibeir%25C3%25A3o%2BPreto%2B-%2BSP,%2B14040-900\/Av.%2BMaur%25C3%25ADlio%2BBiagi,%2B2727%2B-%2BRibeir%25C3%25A2nia,%2BRibeir%25C3%25A3o%2BPreto%2B-%2BSP,%2B14096-170\/@-21.1929594,-47.8650798,13z\/data%3D!3m1!4b1!4m13!4m12!1m5!1m1!1s0x94b9bdc6c2dfbdb7:0x1ba568a91260315b!2m2!1d-47.8542818!2d-21.1666127!1m5!1m1!1s0x94b9b8b9d5bb5a1d:0x6f22086bb448e05e!2m2!1d-47.7814379!2d-21.2096077?entry%3Dttu&amp;source=gmail&amp;ust=1721735121333000&amp;usg=AOvVaw1iSpI9qFa8uiD3EBnJqPm_\">dist\u00e2ncia<\/a><a href=\"https:\/\/www.google.com\/maps\/dir\/USP+Campus+de+Ribeir%C3%A3o+Preto,+Av.+Bandeirantes,+3900+-+Vila+Monte+Alegre,+Ribeir%C3%A3o+Preto+-+SP,+14040-900\/Av.+Maur%C3%ADlio+Biagi,+1577+-+Ribeir%C3%A2nia,+Ribeir%C3%A3o+Preto+-+SP,+14096-075\/@-21.184779,-47.8424112,14z\/data=!3m1!4b1!4m13!4m12!1m5!1m1!1s0x94b9bdc6c2dfbdb7:0x1ba568a91260315b!2m2!1d-47.8542818!2d-21.1666127!1m5!1m1!1s0x94b9b8cd08a260f9:0xc8724c7b44c20ab3!2m2!1d-47.7910987!2d-21.2057438?entry=ttu\" target=\"_blank\" rel=\"noopener\" data-saferedirecturl=\"https:\/\/www.google.com\/url?q=https:\/\/www.google.com\/maps\/dir\/USP%2BCampus%2Bde%2BRibeir%25C3%25A3o%2BPreto,%2BAv.%2BBandeirantes,%2B3900%2B-%2BVila%2BMonte%2BAlegre,%2BRibeir%25C3%25A3o%2BPreto%2B-%2BSP,%2B14040-900\/Av.%2BMaur%25C3%25ADlio%2BBiagi,%2B1577%2B-%2BRibeir%25C3%25A2nia,%2BRibeir%25C3%25A3o%2BPreto%2B-%2BSP,%2B14096-075\/@-21.184779,-47.8424112,14z\/data%3D!3m1!4b1!4m13!4m12!1m5!1m1!1s0x94b9bdc6c2dfbdb7:0x1ba568a91260315b!2m2!1d-47.8542818!2d-21.1666127!1m5!1m1!1s0x94b9b8cd08a260f9:0xc8724c7b44c20ab3!2m2!1d-47.7910987!2d-21.2057438?entry%3Dttu&amp;source=gmail&amp;ust=1721735121333000&amp;usg=AOvVaw17OakOQZUyqD21HRY7mSFX\">\u00a0<\/a>do local do Congresso<\/p><p>\u00a0 \u00a0 \u00a0 -&gt; Su\u00edte Luxo Single (cama casal ou solteiro)\u00a0 &#8211;\u00a0 <b>R$ 214,00<\/b><br \/>\u00a0 \u00a0 \u00a0 -&gt; Su\u00edte Luxo Duplo (cama casal ou Twin)\u00a0 &#8211;\u00a0 <b>R$ 254,00<\/b><br \/>\u00a0 \u00a0 \u00a0 -&gt; Su\u00edte Luxo Triplo \/ Familia\u00a0 &#8211;\u00a0 <b>R$ 294,00<\/b><br \/>\u00a0 \u00a0 \u00a0 -&gt; Su\u00edte Premium SGL\u00a0 &#8211;\u00a0 <b>R$ 274,00<\/b><br \/>\u00a0 \u00a0 \u00a0 -&gt; Su\u00edte Premium DBL\u00a0 &#8211;\u00a0 <b>R$ 314,00<\/b><br \/>\u00a0 \u00a0 \u00a0 -&gt; Su\u00edte Super Luxo SGL\u00a0 &#8211;\u00a0 <b>R$ 590,00<\/b><br \/>\u00a0 \u00a0 \u00a0 -&gt; Su\u00edte Super Luxo DBL\u00a0 &#8211;\u00a0 <b>R$ 630,00<\/b><\/p><p><b>Fone 16 35161300<br \/>E-mail: <a href=\"mailto:reservas@gardenhotelrp.com.br\" target=\"_blank\" rel=\"noopener\">reservas@gardenhotelrp.com.br<\/a><\/b><\/p><\/div>\n\t\t\t\t<\/div>\n\t\t\t\t\t\t\t\t\t\t<script type=\"application\/ld+json\">{\"@context\":\"https:\\\/\\\/schema.org\",\"@type\":\"FAQPage\",\"mainEntity\":[{\"@type\":\"Question\",\"name\":\"Hotel Pousada Santa Rita\",\"acceptedAnswer\":{\"@type\":\"Answer\",\"text\":\"<p>\\u00a0 \\u00a0 \\u00a0 \\u00a0 Av. do \\u00a0Caf\\u00e9, 2295 &#8211; Ribeir\\u00e3o Preto &#8211; SP<\\\/p><p>\\u00a0 \\u00a0 \\u00a0 \\u00a0\\u00a0<a href=\\\"https:\\\/\\\/www.google.com\\\/maps\\\/dir\\\/Faculdade+de+Direito+de+Ribeir%C3%A3o+Preto+da+Universidade+de+S%C3%A3o+Paulo+(FDRP-USP),+Av.+Bandeirantes,+3900+-+Vila+Monte+Alegre,+Ribeir%C3%A3o+Preto+-+SP,+14040-906\\\/Pousada+Santa+Rita+Av.+do+Caf%C3%A9,+2295+-+Vila+Amelia+Ribeir%C3%A3o+Preto+-+SP+14050-230\\\/@-21.1704781,-47.8486826,16z\\\/data=!3m1!4b1!4m13!4m12!1m5!1m1!1s0x94b9bddeeab254f5:0x919ca4b538569ded!2m2!1d-47.8460688!2d-21.1661738!1m5!1m1!1s0x94b9be793103dfe7:0xc9679f336cdfd8f8!2m2!1d-47.8401451!2d-21.1745873?entry=ttu\\\">Saiba a dist\\u00e2ncia e a rota. \\u00c9 poss\\u00edvel ir caminhando em 15 minutos ou 4 minutos de carro.<\\\/a><\\\/p><p>\\u00a0 \\u00a0 \\u00a0 \\u00a0\\u00a0<a href=\\\"http:\\\/\\\/www.hotelpousadasantarita.com.br\\\/\\\">Conhe\\u00e7a o site<\\\/a>\\u00a0\\u00a0 \\u00a0\\u00a0<\\\/p><p>\\u00a0 \\u00a0 \\u00a0 \\u00a0\\u00a0Informe o cupom \\u00a0&#8211; Participantes grupo 5008 para obter o desconto.<\\\/p><p>\\u00a0 \\u00a0 \\u00a0 \\u00a0\\u00a0Email: <a href=\\\"mailto:reservas@hotelpousadasantarita.com.br\\\">reservas@hotelpousadasantarita.com.br<\\\/a>\\u00a0<\\\/p><p>\\u00a0 \\u00a0 \\u00a0 \\u00a0 Fone: \\u00a016 3966-5404<\\\/p><p>\\u00a0 \\u00a0 \\u00a0 \\u00a0Conhe\\u00e7a o\\u00a0valores:\\u00a0<\\\/p><p>-&gt; Single Luxo\\u00a0 \\u00a0 \\u00a0 \\u00a0 \\u00a0 \\u00a0 \\u00a0 \\u00a0 R$ 191,00<\\\/p><p>-&gt; Luxo Duplo \\u00a0\\u00a0\\u00a0\\u00a0\\u00a0\\u00a0\\u00a0\\u00a0\\u00a0\\u00a0\\u00a0\\u00a0 \\u00a0 \\u00a0R$ 246,00<\\\/p><p>-&gt; Super Luxo Single\\u00a0 \\u00a0 \\u00a0R$ 229,00<\\\/p><p>-&gt; Super Luxo Duplo\\u00a0 \\u00a0 \\u00a0 R$ 288,00<\\\/p><p>-&gt; Super Luxo Triplo\\u00a0 \\u00a0 \\u00a0 R$ 356,00<\\\/p><p>-&gt; Super Luxo Qu\\u00e1druplo \\u00a0 R$ 413,00<\\\/p><p>Tarifas v\\u00e1lidas at\\u00e9 05\\\/07\\\/2024, ap\\u00f3s esta data sujeito \\u00e0 altera\\u00e7\\u00e3o.\\u00a0<\\\/p><p>\\u00a0 \\u00a0Incluso: estacionamento, caf\\u00e9 da manh\\u00e3 e internet<\\\/p>\"}},{\"@type\":\"Question\",\"name\":\"Hotel Tryp By Wyndham Ribeir\\u00e3o Preto\",\"acceptedAnswer\":{\"@type\":\"Answer\",\"text\":\"<p>Av. Dr Jos\\u00e9 Ces\\u00e1rio Monteiro da Silva Filho, 150 &#8211;\\u00a0Ribeir\\u00e3o Preto<\\\/p><p>\\u00a0 \\u00a0 \\u00a0 Saiba a\\u00a0<a href=\\\"https:\\\/\\\/www.google.com\\\/maps\\\/dir\\\/Faculdade+de+Direito+de+Ribeir%C3%A3o+Preto+da+Universidade+de+S%C3%A3o+Paulo+(FDRP-USP),+Av.+Bandeirantes,+3900+-+Vila+Monte+Alegre,+Ribeir%C3%A3o+Preto+-+SP,+14040-906\\\/Av.+Dr.+Jos%C3%A9+Ces%C3%A1rio+Monteiro+da+Silva,+150+-+Jardim+Nova+Alianca,+Ribeir%C3%A3o+Preto+-+SP,+14026-600\\\/@-21.1933487,-47.8906007,13z\\\/data=!3m1!4b1!4m13!4m12!1m5!1m1!1s0x94b9bddeeab254f5:0x919ca4b538569ded!2m2!1d-47.8460688!2d-21.1661738!1m5!1m1!1s0x94b9b935c955f9e1:0xbe1eeb7fc13a320a!2m2!1d-47.8211406!2d-21.2166985?entry=ttu\\\">dist\\u00e2ncia<\\\/a>\\u00a0e a rota.\\u00a0<\\\/p><p>\\u00a0\\u00a0 \\u00a0 \\u00a0 O hotel fica pr\\u00f3ximo ao Ribeir\\u00e3o Shopping, Novo Mercad\\u00e3o na zona Sul de Ribeir\\u00e3o Preto.<\\\/p><p>\\u00a0 \\u00a0 \\u00a0 Conhe\\u00e7a \\u00a0o hotel e as tarifas com desconto especial para participantes do Congresso.\\u00a0<\\\/p><p>\\u00a0 \\u00a0\\u00a0 \\u00a0<a href=\\\"https:\\\/\\\/app.otabuilder.com\\\/congressoenbiomedica\\\">Clique aqui<\\\/a>\\u00a0e fa\\u00e7a direto a sua reserva com esta vantagem.\\u00a0<\\\/p><p>\\u00a0 \\u00a0 \\u00a0 Incluso caf\\u00e9 da manh\\u00e3 e internet.\\u00a0<\\\/p><p>\\u00a0 \\u00a0 \\u00a0Se precisar, fa\\u00e7a contato mencionando o nome do evento:<\\\/p><p>\\u00a0 \\u00a0 \\u00a0Fone:\\u00a0\\u00a016 3512-6130<\\\/p><p>\\u00a0 \\u00a0 Whatssap: 16992681097<\\\/p><p>\\u00a0 \\u00a0 Email: <a href=\\\"mailto:reservas1@tryprao.com.br\\\">reservas1@tryprao.com.br<\\\/a> ou <a href=\\\"mailto:reservas@tryprao.com.br\\\">reservas@tryprao.com.br<\\\/a>\\u00a0<\\\/p>\"}},{\"@type\":\"Question\",\"name\":\"Combo Hotel Mercure e Ibis Styles Ribeir\\u00e3o Preto\",\"acceptedAnswer\":{\"@type\":\"Answer\",\"text\":\"<p>Av. Wladimir Meirelles Ferreira, 1465 &#8211; Jardim Bot\\u00e2nico, Ribeir\\u00e3o Preto \\u2013 SP<\\\/p><p>Reservas pelo WhatsApp (16) 3323-9800 (cupom para desconto 10% <strong>CBEB24<\\\/strong>), <strong>mencionar na reserva<\\\/strong><\\\/p>\"}},{\"@type\":\"Question\",\"name\":\"Combo Ibis Vila do Golfe\",\"acceptedAnswer\":{\"@type\":\"Answer\",\"text\":\"<p>Av. Luis Eduardo de Toledo Prado, 780 \\u2013 Vila do Golfe, Ribeir\\u00e3o Preto \\u2013 SP<\\\/p><p>Reservas pelo WhatsApp (16) 2132-9600 (cupom para desconto 10% <strong>CBEB24<\\\/strong>), <strong>mencionar na reserva<\\\/strong><\\\/p>\"}},{\"@type\":\"Question\",\"name\":\"Hotel Mont Blanc Premium\",\"acceptedAnswer\":{\"@type\":\"Answer\",\"text\":\"<p>Site:\\u00a0<a href=\\\"https:\\\/\\\/www.montblancpremium.com.br\\\/\\\" target=\\\"_blank\\\" rel=\\\"noopener\\\" data-saferedirecturl=\\\"https:\\\/\\\/www.google.com\\\/url?q=https:\\\/\\\/www.montblancpremium.com.br\\\/&amp;source=gmail&amp;ust=1721735121333000&amp;usg=AOvVaw16rm4thzwqbzfKrn2MFgiG\\\">https:\\\/\\\/www.<wbr \\\/>montblancpremium.com.br\\\/<\\\/a><\\\/p><p><b>Cupom Desconto: Prefeitura USP &#8211; Campus Ribeir\\u00e3o Preto (mencionar na reserva)<\\\/b><\\\/p><p>\\u00a0 \\u00a0 \\u00a0 Saiba a <a href=\\\"https:\\\/\\\/www.google.com\\\/maps\\\/dir\\\/USP+Campus+de+Ribeir%C3%A3o+Preto,+Av.+Bandeirantes,+3900+-+Vila+Monte+Alegre,+Ribeir%C3%A3o+Preto+-+SP,+14040-900\\\/Av.+Maur%C3%ADlio+Biagi,+1577+-+Ribeir%C3%A2nia,+Ribeir%C3%A3o+Preto+-+SP,+14096-075\\\/@-21.184779,-47.8424112,14z\\\/data=!3m1!4b1!4m13!4m12!1m5!1m1!1s0x94b9bdc6c2dfbdb7:0x1ba568a91260315b!2m2!1d-47.8542818!2d-21.1666127!1m5!1m1!1s0x94b9b8cd08a260f9:0xc8724c7b44c20ab3!2m2!1d-47.7910987!2d-21.2057438?entry=ttu\\\" target=\\\"_blank\\\" rel=\\\"noopener\\\" data-saferedirecturl=\\\"https:\\\/\\\/www.google.com\\\/url?q=https:\\\/\\\/www.google.com\\\/maps\\\/dir\\\/USP%2BCampus%2Bde%2BRibeir%25C3%25A3o%2BPreto,%2BAv.%2BBandeirantes,%2B3900%2B-%2BVila%2BMonte%2BAlegre,%2BRibeir%25C3%25A3o%2BPreto%2B-%2BSP,%2B14040-900\\\/Av.%2BMaur%25C3%25ADlio%2BBiagi,%2B1577%2B-%2BRibeir%25C3%25A2nia,%2BRibeir%25C3%25A3o%2BPreto%2B-%2BSP,%2B14096-075\\\/@-21.184779,-47.8424112,14z\\\/data%3D!3m1!4b1!4m13!4m12!1m5!1m1!1s0x94b9bdc6c2dfbdb7:0x1ba568a91260315b!2m2!1d-47.8542818!2d-21.1666127!1m5!1m1!1s0x94b9b8cd08a260f9:0xc8724c7b44c20ab3!2m2!1d-47.7910987!2d-21.2057438?entry%3Dttu&amp;source=gmail&amp;ust=1721735121333000&amp;usg=AOvVaw17OakOQZUyqD21HRY7mSFX\\\">dist\\u00e2ncia\\u00a0<\\\/a>do local do Congresso<\\\/p><p>\\u00a0 \\u00a0 \\u00a0 Conhe\\u00e7a os valores:<br \\\/>\\u00a0 \\u00a0 \\u00a0 -&gt; Su\\u00edte Premium Single\\u00a0 &#8211;\\u00a0 <b>R$ 330,00<\\\/b><br \\\/>\\u00a0 \\u00a0 \\u00a0 -&gt; Su\\u00edte Premium Double\\u00a0 &#8211;\\u00a0 <b>R$ 380,00<br \\\/><\\\/b>\\u00a0 \\u00a0 \\u00a0 -&gt; Su\\u00edte Luxo Fam\\u00edlia\\u00a0 &#8211;\\u00a0 <b>R$ 520,00<br \\\/>\\u00a0 \\u00a0 \\u00a0 \\u00a0 <\\\/b>-&gt; Su\\u00edte Super Luxo Single\\u00a0 &#8211;\\u00a0 <b>R$ 500,00<\\\/b><br \\\/>\\u00a0 \\u00a0 \\u00a0 -&gt; Su\\u00edte Super Luxo Duplo\\u00a0 &#8211;\\u00a0 <b>R$ 550,00<\\\/b><br \\\/>\\u00a0 \\u00a0 \\u00a0 -&gt; Su\\u00edte Super Luxo Familia\\u00a0 &#8211;\\u00a0 <b><span lang=\\\"EN-US\\\">R$ 690,00<\\\/span><\\\/b><\\\/p><p><b><span lang=\\\"EN-US\\\">Fone: 16 35166000<br \\\/>E-mail: <\\\/span><\\\/b><b><span lang=\\\"EN-US\\\"><a href=\\\"mailto:reservas@montblancpremium.com.br\\\" target=\\\"_blank\\\" rel=\\\"noopener\\\">reservas@montblancpremium.<wbr \\\/>com.br<\\\/a><\\\/span><\\\/b><\\\/p>\"}},{\"@type\":\"Question\",\"name\":\"Hotel Arac\\u00e1cia Plaza\",\"acceptedAnswer\":{\"@type\":\"Answer\",\"text\":\"<p>Site: <a href=\\\"https:\\\/\\\/www.araucariaplaza.com.br\\\/\\\">https:\\\/\\\/www.araucariaplaza.com.br\\\/<\\\/a><\\\/p><p><b>Cupom Desconto: Prefeitura USP &#8211; Campus Ribeir\\u00e3o Preto (mencionar na reserva)<\\\/b><\\\/p><p>\\u00a0 \\u00a0 \\u00a0 Saiba a <a href=\\\"https:\\\/\\\/www.google.com\\\/maps\\\/dir\\\/USP+Campus+de+Ribeir%C3%A3o+Preto,+Av.+Bandeirantes,+3900+-+Vila+Monte+Alegre,+Ribeir%C3%A3o+Preto+-+SP,+14040-900\\\/Hotel+Arauc%C3%A1ria+Plaza,+R.+Jo%C3%A3o+Penteado,+2103+-+Jardim+America,+Ribeir%C3%A3o+Preto+-+SP,+14020-180\\\/@-21.179761,-47.8459275,14z\\\/data=!4m13!4m12!1m5!1m1!1s0x94b9bdc6c2dfbdb7:0x1ba568a91260315b!2m2!1d-47.8542818!2d-21.1666127!1m5!1m1!1s0x94b9bf276c15ef57:0xb124697be2bdd927!2m2!1d-47.8021669!2d-21.1936389?entry=ttu\\\">dist\\u00e2ncia<\\\/a>\\u00a0do local do Congresso<\\\/p><p>\\u00a0 \\u00a0 \\u00a0 Conhe\\u00e7a os valores:<br \\\/>\\u00a0 \\u00a0 \\u00a0 -&gt; Su\\u00edte Premium Single\\u00a0 &#8211;\\u00a0 <b>R$ 263,00<\\\/b><br \\\/>\\u00a0 \\u00a0 \\u00a0 -&gt; Su\\u00edte Premium Double\\u00a0 &#8211;\\u00a0 <b>R$ 308,00<\\\/b><br \\\/>\\u00a0 \\u00a0 \\u00a0 -&gt; Su\\u00edte Premium Triplo OU Fam\\u00edlia\\u00a0 &#8211;\\u00a0 <b>R$ 408,00<\\\/b><br \\\/>\\u00a0 \\u00a0 \\u00a0 -&gt; Su\\u00edte Super Luxo Single\\u00a0 &#8211;\\u00a0 <b>R$ 383,00<\\\/b><br \\\/>\\u00a0 \\u00a0 \\u00a0 -&gt; Su\\u00edte Super Luxo Double\\u00a0 &#8211;\\u00a0 <b>R$ 428,00<\\\/b><\\\/p><p><b>Fone 16 3913.1300<br \\\/>E-mail: <a href=\\\"mailto:reservas@araucariaplaza.com.br\\\" target=\\\"_blank\\\" rel=\\\"noopener\\\">reservas@araucariaplaza.com.<wbr \\\/>br<\\\/a><\\\/b><\\\/p>\"}},{\"@type\":\"Question\",\"name\":\"Garden Hotel\",\"acceptedAnswer\":{\"@type\":\"Answer\",\"text\":\"<p>Site: <a href=\\\"https:\\\/\\\/www.gardenhotelrp.com.br\\\/\\\">https:\\\/\\\/www.gardenhotelrp.com.br\\\/<\\\/a><\\\/p><p><b>Cupom Desconto: Prefeitura USP &#8211; Campus Ribeir\\u00e3o Preto (mencionar na reserva)<\\\/b><\\\/p><p>\\u00a0 \\u00a0 \\u00a0 Saiba a<a href=\\\"https:\\\/\\\/www.google.com\\\/maps\\\/dir\\\/USP+Campus+de+Ribeir%C3%A3o+Preto,+Av.+Bandeirantes,+3900+-+Vila+Monte+Alegre,+Ribeir%C3%A3o+Preto+-+SP,+14040-900\\\/R.+Jo%C3%A3o+Penteado,+2103+-+Jardim+America,+Ribeir%C3%A3o+Preto+-+SP,+14020-180\\\/@-21.1801303,-47.8483856,14z\\\/data=!4m14!4m13!1m5!1m1!1s0x94b9bdc6c2dfbdb7:0x1ba568a91260315b!2m2!1d-47.8542818!2d-21.1666127!1m5!1m1!1s0x94b9bf276c15ef57:0xb124697be2bdd927!2m2!1d-47.8021669!2d-21.1936389!5i2?entry=ttu\\\" target=\\\"_blank\\\" rel=\\\"noopener\\\" data-saferedirecturl=\\\"https:\\\/\\\/www.google.com\\\/url?q=https:\\\/\\\/www.google.com\\\/maps\\\/dir\\\/USP%2BCampus%2Bde%2BRibeir%25C3%25A3o%2BPreto,%2BAv.%2BBandeirantes,%2B3900%2B-%2BVila%2BMonte%2BAlegre,%2BRibeir%25C3%25A3o%2BPreto%2B-%2BSP,%2B14040-900\\\/R.%2BJo%25C3%25A3o%2BPenteado,%2B2103%2B-%2BJardim%2BAmerica,%2BRibeir%25C3%25A3o%2BPreto%2B-%2BSP,%2B14020-180\\\/@-21.1801303,-47.8483856,14z\\\/data%3D!4m14!4m13!1m5!1m1!1s0x94b9bdc6c2dfbdb7:0x1ba568a91260315b!2m2!1d-47.8542818!2d-21.1666127!1m5!1m1!1s0x94b9bf276c15ef57:0xb124697be2bdd927!2m2!1d-47.8021669!2d-21.1936389!5i2?entry%3Dttu&amp;source=gmail&amp;ust=1721735121333000&amp;usg=AOvVaw3c9MX8HXkjTvhg6iL6sPAP\\\">\\u00a0<\\\/a><a href=\\\"https:\\\/\\\/www.google.com\\\/maps\\\/dir\\\/USP+Campus+de+Ribeir%C3%A3o+Preto,+Av.+Bandeirantes,+3900+-+Vila+Monte+Alegre,+Ribeir%C3%A3o+Preto+-+SP,+14040-900\\\/Av.+Maur%C3%ADlio+Biagi,+2727+-+Ribeir%C3%A2nia,+Ribeir%C3%A3o+Preto+-+SP,+14096-170\\\/@-21.1929594,-47.8650798,13z\\\/data=!3m1!4b1!4m13!4m12!1m5!1m1!1s0x94b9bdc6c2dfbdb7:0x1ba568a91260315b!2m2!1d-47.8542818!2d-21.1666127!1m5!1m1!1s0x94b9b8b9d5bb5a1d:0x6f22086bb448e05e!2m2!1d-47.7814379!2d-21.2096077?entry=ttu\\\" target=\\\"_blank\\\" rel=\\\"noopener\\\" data-saferedirecturl=\\\"https:\\\/\\\/www.google.com\\\/url?q=https:\\\/\\\/www.google.com\\\/maps\\\/dir\\\/USP%2BCampus%2Bde%2BRibeir%25C3%25A3o%2BPreto,%2BAv.%2BBandeirantes,%2B3900%2B-%2BVila%2BMonte%2BAlegre,%2BRibeir%25C3%25A3o%2BPreto%2B-%2BSP,%2B14040-900\\\/Av.%2BMaur%25C3%25ADlio%2BBiagi,%2B2727%2B-%2BRibeir%25C3%25A2nia,%2BRibeir%25C3%25A3o%2BPreto%2B-%2BSP,%2B14096-170\\\/@-21.1929594,-47.8650798,13z\\\/data%3D!3m1!4b1!4m13!4m12!1m5!1m1!1s0x94b9bdc6c2dfbdb7:0x1ba568a91260315b!2m2!1d-47.8542818!2d-21.1666127!1m5!1m1!1s0x94b9b8b9d5bb5a1d:0x6f22086bb448e05e!2m2!1d-47.7814379!2d-21.2096077?entry%3Dttu&amp;source=gmail&amp;ust=1721735121333000&amp;usg=AOvVaw1iSpI9qFa8uiD3EBnJqPm_\\\">dist\\u00e2ncia<\\\/a><a href=\\\"https:\\\/\\\/www.google.com\\\/maps\\\/dir\\\/USP+Campus+de+Ribeir%C3%A3o+Preto,+Av.+Bandeirantes,+3900+-+Vila+Monte+Alegre,+Ribeir%C3%A3o+Preto+-+SP,+14040-900\\\/Av.+Maur%C3%ADlio+Biagi,+1577+-+Ribeir%C3%A2nia,+Ribeir%C3%A3o+Preto+-+SP,+14096-075\\\/@-21.184779,-47.8424112,14z\\\/data=!3m1!4b1!4m13!4m12!1m5!1m1!1s0x94b9bdc6c2dfbdb7:0x1ba568a91260315b!2m2!1d-47.8542818!2d-21.1666127!1m5!1m1!1s0x94b9b8cd08a260f9:0xc8724c7b44c20ab3!2m2!1d-47.7910987!2d-21.2057438?entry=ttu\\\" target=\\\"_blank\\\" rel=\\\"noopener\\\" data-saferedirecturl=\\\"https:\\\/\\\/www.google.com\\\/url?q=https:\\\/\\\/www.google.com\\\/maps\\\/dir\\\/USP%2BCampus%2Bde%2BRibeir%25C3%25A3o%2BPreto,%2BAv.%2BBandeirantes,%2B3900%2B-%2BVila%2BMonte%2BAlegre,%2BRibeir%25C3%25A3o%2BPreto%2B-%2BSP,%2B14040-900\\\/Av.%2BMaur%25C3%25ADlio%2BBiagi,%2B1577%2B-%2BRibeir%25C3%25A2nia,%2BRibeir%25C3%25A3o%2BPreto%2B-%2BSP,%2B14096-075\\\/@-21.184779,-47.8424112,14z\\\/data%3D!3m1!4b1!4m13!4m12!1m5!1m1!1s0x94b9bdc6c2dfbdb7:0x1ba568a91260315b!2m2!1d-47.8542818!2d-21.1666127!1m5!1m1!1s0x94b9b8cd08a260f9:0xc8724c7b44c20ab3!2m2!1d-47.7910987!2d-21.2057438?entry%3Dttu&amp;source=gmail&amp;ust=1721735121333000&amp;usg=AOvVaw17OakOQZUyqD21HRY7mSFX\\\">\\u00a0<\\\/a>do local do Congresso<\\\/p><p>\\u00a0 \\u00a0 \\u00a0 -&gt; Su\\u00edte Luxo Single (cama casal ou solteiro)\\u00a0 &#8211;\\u00a0 <b>R$ 214,00<\\\/b><br \\\/>\\u00a0 \\u00a0 \\u00a0 -&gt; Su\\u00edte Luxo Duplo (cama casal ou Twin)\\u00a0 &#8211;\\u00a0 <b>R$ 254,00<\\\/b><br \\\/>\\u00a0 \\u00a0 \\u00a0 -&gt; Su\\u00edte Luxo Triplo \\\/ Familia\\u00a0 &#8211;\\u00a0 <b>R$ 294,00<\\\/b><br \\\/>\\u00a0 \\u00a0 \\u00a0 -&gt; Su\\u00edte Premium SGL\\u00a0 &#8211;\\u00a0 <b>R$ 274,00<\\\/b><br \\\/>\\u00a0 \\u00a0 \\u00a0 -&gt; Su\\u00edte Premium DBL\\u00a0 &#8211;\\u00a0 <b>R$ 314,00<\\\/b><br \\\/>\\u00a0 \\u00a0 \\u00a0 -&gt; Su\\u00edte Super Luxo SGL\\u00a0 &#8211;\\u00a0 <b>R$ 590,00<\\\/b><br \\\/>\\u00a0 \\u00a0 \\u00a0 -&gt; Su\\u00edte Super Luxo DBL\\u00a0 &#8211;\\u00a0 <b>R$ 630,00<\\\/b><\\\/p><p><b>Fone 16 35161300<br \\\/>E-mail: <a href=\\\"mailto:reservas@gardenhotelrp.com.br\\\" target=\\\"_blank\\\" rel=\\\"noopener\\\">reservas@gardenhotelrp.com.br<\\\/a><\\\/b><\\\/p>\"}}]}<\/script>\n\t\t\t\t\t<\/div>\n\t\t\t\t<\/div>\n\t\t\t\t<\/div>\n\t\t\t\t<\/div>\n\t\t<div class=\"elementor-element elementor-element-04c23d0 e-con-full e-flex e-con\" data-id=\"04c23d0\" data-element_type=\"container\" data-settings=\"{&quot;content_width&quot;:&quot;full&quot;}\">\n\t\t\t\t<div class=\"elementor-element elementor-element-afe0f10 elementor-widget__width-initial elementor-view-default elementor-widget elementor-widget-icon\" data-id=\"afe0f10\" data-element_type=\"widget\" data-widget_type=\"icon.default\">\n\t\t\t\t<div class=\"elementor-widget-container\">\n\t\t\t\t\t<div class=\"elementor-icon-wrapper\">\n\t\t\t<div class=\"elementor-icon\">\n\t\t\t<i aria-hidden=\"true\" class=\"fas fa-train\"><\/i>\t\t\t<\/div>\n\t\t<\/div>\n\t\t\t\t<\/div>\n\t\t\t\t<\/div>\n\t\t\t\t<div class=\"elementor-element elementor-element-309943e elementor-widget elementor-widget-text-editor\" data-id=\"309943e\" data-element_type=\"widget\" data-widget_type=\"text-editor.default\">\n\t\t\t\t<div class=\"elementor-widget-container\">\n\t\t\t\t\t\t\t<h2>Conhe\u00e7a as op\u00e7\u00f5es de transporte:<\/h2>\t\t\t\t\t\t<\/div>\n\t\t\t\t<\/div>\n\t\t\t\t<\/div>\n\t\t<div class=\"elementor-element elementor-element-c7234b5 e-con-full e-flex e-con\" data-id=\"c7234b5\" data-element_type=\"container\" data-settings=\"{&quot;content_width&quot;:&quot;full&quot;}\">\n\t\t\t\t<div class=\"elementor-element elementor-element-afc16ea elementor-widget__width-inherit elementor-widget elementor-widget-accordion\" data-id=\"afc16ea\" data-element_type=\"widget\" data-widget_type=\"accordion.default\">\n\t\t\t\t<div class=\"elementor-widget-container\">\n\t\t\t\t\t<div class=\"elementor-accordion\">\n\t\t\t\t\t\t\t<div class=\"elementor-accordion-item\">\n\t\t\t\t\t<div id=\"elementor-tab-title-1841\" class=\"elementor-tab-title\" data-tab=\"1\" role=\"button\" aria-controls=\"elementor-tab-content-1841\" aria-expanded=\"false\">\n\t\t\t\t\t\t\t\t\t\t\t\t\t<span class=\"elementor-accordion-icon elementor-accordion-icon-left\" aria-hidden=\"true\">\n\t\t\t\t\t\t\t\t\t\t\t\t\t\t\t<span class=\"elementor-accordion-icon-closed\"><i class=\"fas fa-plus\"><\/i><\/span>\n\t\t\t\t\t\t\t\t<span class=\"elementor-accordion-icon-opened\"><i class=\"fas fa-minus\"><\/i><\/span>\n\t\t\t\t\t\t\t\t\t\t\t\t\t\t<\/span>\n\t\t\t\t\t\t\t\t\t\t\t\t<a class=\"elementor-accordion-title\" tabindex=\"0\">Terminal Rodovi\u00e1rio de Ribeir\u00e3o Preto<\/a>\n\t\t\t\t\t<\/div>\n\t\t\t\t\t<div id=\"elementor-tab-content-1841\" class=\"elementor-tab-content elementor-clearfix\" data-tab=\"1\" role=\"region\" aria-labelledby=\"elementor-tab-title-1841\"><p>Avenida Jer\u00f4nimo Gon\u00e7alves, 640, Centro (perto do Campus da USP)<br \/>Fone: 16 3625-1601<\/p><p><a href=\"https:\/\/www.rodoviariaderibeiraopreto.com.br\/auto-viacoes\/\">Veja quais empresas de \u00f4nibus e destinos chegam a Ribeir\u00e3o Preto<\/a><\/p><p><a href=\"https:\/\/moovitapp.com\/index\/pt-br\/transporte_p%C3%BAblico-Ribeirao_Preto-2964\">Moovitapp<\/a><\/p><\/div>\n\t\t\t\t<\/div>\n\t\t\t\t\t\t\t<div class=\"elementor-accordion-item\">\n\t\t\t\t\t<div id=\"elementor-tab-title-1842\" class=\"elementor-tab-title\" data-tab=\"2\" role=\"button\" aria-controls=\"elementor-tab-content-1842\" aria-expanded=\"false\">\n\t\t\t\t\t\t\t\t\t\t\t\t\t<span class=\"elementor-accordion-icon elementor-accordion-icon-left\" aria-hidden=\"true\">\n\t\t\t\t\t\t\t\t\t\t\t\t\t\t\t<span class=\"elementor-accordion-icon-closed\"><i class=\"fas fa-plus\"><\/i><\/span>\n\t\t\t\t\t\t\t\t<span class=\"elementor-accordion-icon-opened\"><i class=\"fas fa-minus\"><\/i><\/span>\n\t\t\t\t\t\t\t\t\t\t\t\t\t\t<\/span>\n\t\t\t\t\t\t\t\t\t\t\t\t<a class=\"elementor-accordion-title\" tabindex=\"0\">Locomo\u00e7\u00e3o via Carro<\/a>\n\t\t\t\t\t<\/div>\n\t\t\t\t\t<div id=\"elementor-tab-content-1842\" class=\"elementor-tab-content elementor-clearfix\" data-tab=\"2\" role=\"region\" aria-labelledby=\"elementor-tab-title-1842\"><p>A principal via de acesso ao munic\u00edpio \u00e9 a Via Anhanguera (SP 330), que liga Ribeir\u00e3o Preto \u00e0 capital e ao Tri\u00e2ngulo Mineiro.<\/p><p>Al\u00e9m desta rodovia, a cidade conta com outros importantes acessos: <br \/>PRINCIPAIS RODOVIAS DE ACESSO <br \/>\u00a0 \u00a0 \u00a0 &gt; <strong>SP 330<\/strong> Via Anhanguera Ribeir\u00e3o Preto &#8211; S\u00e3o Paulo<br \/>\u00a0 \u00a0 \u00a0 &gt; <strong>SP 334<\/strong> Via C\u00e2ndido Portinari Ribeir\u00e3o Preto \/ Franca<br \/>\u00a0 \u00a0 \u00a0 &gt; <strong>SP 332<\/strong> Via At\u00edlio Balbo Ribeir\u00e3o Preto \/ Sert\u00e3ozinho<br \/>\u00a0 \u00a0 \u00a0 &gt; <strong>SP 225<\/strong> Via A. Machado Santana Ribeir\u00e3o Preto \/ Araraquara<br \/>\u00a0 \u00a0 \u00a0 &gt; <strong>SP 333<\/strong> Via Abr\u00e3o Assed Ribeir\u00e3o Preto \/ Cajuru<br \/>\u00a0 \u00a0 \u00a0 &gt; <strong>SP 292<\/strong> Via M\u00e1rio Doneg\u00e1 Ribeir\u00e3o Preto \/ Prad\u00f3polis<br \/>\u00a0 \u00a0 \u00a0 &gt; <strong>SP 328<\/strong> Anel Vi\u00e1rio<\/p><\/div>\n\t\t\t\t<\/div>\n\t\t\t\t\t\t\t<div class=\"elementor-accordion-item\">\n\t\t\t\t\t<div id=\"elementor-tab-title-1843\" class=\"elementor-tab-title\" data-tab=\"3\" role=\"button\" aria-controls=\"elementor-tab-content-1843\" aria-expanded=\"false\">\n\t\t\t\t\t\t\t\t\t\t\t\t\t<span class=\"elementor-accordion-icon elementor-accordion-icon-left\" aria-hidden=\"true\">\n\t\t\t\t\t\t\t\t\t\t\t\t\t\t\t<span class=\"elementor-accordion-icon-closed\"><i class=\"fas fa-plus\"><\/i><\/span>\n\t\t\t\t\t\t\t\t<span class=\"elementor-accordion-icon-opened\"><i class=\"fas fa-minus\"><\/i><\/span>\n\t\t\t\t\t\t\t\t\t\t\t\t\t\t<\/span>\n\t\t\t\t\t\t\t\t\t\t\t\t<a class=\"elementor-accordion-title\" tabindex=\"0\">Transporte A\u00e9reo<\/a>\n\t\t\t\t\t<\/div>\n\t\t\t\t\t<div id=\"elementor-tab-content-1843\" class=\"elementor-tab-content elementor-clearfix\" data-tab=\"3\" role=\"region\" aria-labelledby=\"elementor-tab-title-1843\"><p>O aeroporto recebe voo regulares de varias companhias a\u00e9reas: Azul, Gol, Passaredo e TAM. Consulte o seu agente de viagem ou aplicativos.\u00a0<\/p><\/div>\n\t\t\t\t<\/div>\n\t\t\t\t\t\t\t<div class=\"elementor-accordion-item\">\n\t\t\t\t\t<div id=\"elementor-tab-title-1844\" class=\"elementor-tab-title\" data-tab=\"4\" role=\"button\" aria-controls=\"elementor-tab-content-1844\" aria-expanded=\"false\">\n\t\t\t\t\t\t\t\t\t\t\t\t\t<span class=\"elementor-accordion-icon elementor-accordion-icon-left\" aria-hidden=\"true\">\n\t\t\t\t\t\t\t\t\t\t\t\t\t\t\t<span class=\"elementor-accordion-icon-closed\"><i class=\"fas fa-plus\"><\/i><\/span>\n\t\t\t\t\t\t\t\t<span class=\"elementor-accordion-icon-opened\"><i class=\"fas fa-minus\"><\/i><\/span>\n\t\t\t\t\t\t\t\t\t\t\t\t\t\t<\/span>\n\t\t\t\t\t\t\t\t\t\t\t\t<a class=\"elementor-accordion-title\" tabindex=\"0\">Transporte P\u00fablico Municipal<\/a>\n\t\t\t\t\t<\/div>\n\t\t\t\t\t<div id=\"elementor-tab-content-1844\" class=\"elementor-tab-content elementor-clearfix\" data-tab=\"4\" role=\"region\" aria-labelledby=\"elementor-tab-title-1844\"><p><a href=\"https:\/\/rpmobilidade.com.br\/servicos-a-populacao\/como-chegar\/\">Clique aqui<\/a> e conhe\u00e7as as rotas e tarifas. Al\u00e9m disso, a cidade \u00e9 provida de transportes por aplicativo Uber e 99 T\u00e1xi.<\/p><\/div>\n\t\t\t\t<\/div>\n\t\t\t\t\t\t\t\t\t\t<script type=\"application\/ld+json\">{\"@context\":\"https:\\\/\\\/schema.org\",\"@type\":\"FAQPage\",\"mainEntity\":[{\"@type\":\"Question\",\"name\":\"Terminal Rodovi\\u00e1rio de Ribeir\\u00e3o Preto\",\"acceptedAnswer\":{\"@type\":\"Answer\",\"text\":\"<p>Avenida Jer\\u00f4nimo Gon\\u00e7alves, 640, Centro (perto do Campus da USP)<br \\\/>Fone: 16 3625-1601<\\\/p><p><a href=\\\"https:\\\/\\\/www.rodoviariaderibeiraopreto.com.br\\\/auto-viacoes\\\/\\\">Veja quais empresas de \\u00f4nibus e destinos chegam a Ribeir\\u00e3o Preto<\\\/a><\\\/p><p><a href=\\\"https:\\\/\\\/moovitapp.com\\\/index\\\/pt-br\\\/transporte_p%C3%BAblico-Ribeirao_Preto-2964\\\">Moovitapp<\\\/a><\\\/p>\"}},{\"@type\":\"Question\",\"name\":\"Locomo\\u00e7\\u00e3o via Carro\",\"acceptedAnswer\":{\"@type\":\"Answer\",\"text\":\"<p>A principal via de acesso ao munic\\u00edpio \\u00e9 a Via Anhanguera (SP 330), que liga Ribeir\\u00e3o Preto \\u00e0 capital e ao Tri\\u00e2ngulo Mineiro.<\\\/p><p>Al\\u00e9m desta rodovia, a cidade conta com outros importantes acessos: <br \\\/>PRINCIPAIS RODOVIAS DE ACESSO <br \\\/>\\u00a0 \\u00a0 \\u00a0 &gt; <strong>SP 330<\\\/strong> Via Anhanguera Ribeir\\u00e3o Preto &#8211; S\\u00e3o Paulo<br \\\/>\\u00a0 \\u00a0 \\u00a0 &gt; <strong>SP 334<\\\/strong> Via C\\u00e2ndido Portinari Ribeir\\u00e3o Preto \\\/ Franca<br \\\/>\\u00a0 \\u00a0 \\u00a0 &gt; <strong>SP 332<\\\/strong> Via At\\u00edlio Balbo Ribeir\\u00e3o Preto \\\/ Sert\\u00e3ozinho<br \\\/>\\u00a0 \\u00a0 \\u00a0 &gt; <strong>SP 225<\\\/strong> Via A. Machado Santana Ribeir\\u00e3o Preto \\\/ Araraquara<br \\\/>\\u00a0 \\u00a0 \\u00a0 &gt; <strong>SP 333<\\\/strong> Via Abr\\u00e3o Assed Ribeir\\u00e3o Preto \\\/ Cajuru<br \\\/>\\u00a0 \\u00a0 \\u00a0 &gt; <strong>SP 292<\\\/strong> Via M\\u00e1rio Doneg\\u00e1 Ribeir\\u00e3o Preto \\\/ Prad\\u00f3polis<br \\\/>\\u00a0 \\u00a0 \\u00a0 &gt; <strong>SP 328<\\\/strong> Anel Vi\\u00e1rio<\\\/p>\"}},{\"@type\":\"Question\",\"name\":\"Transporte A\\u00e9reo\",\"acceptedAnswer\":{\"@type\":\"Answer\",\"text\":\"<p>O aeroporto recebe voo regulares de varias companhias a\\u00e9reas: Azul, Gol, Passaredo e TAM. Consulte o seu agente de viagem ou aplicativos.\\u00a0<\\\/p>\"}},{\"@type\":\"Question\",\"name\":\"Transporte P\\u00fablico Municipal\",\"acceptedAnswer\":{\"@type\":\"Answer\",\"text\":\"<p><a href=\\\"https:\\\/\\\/rpmobilidade.com.br\\\/servicos-a-populacao\\\/como-chegar\\\/\\\">Clique aqui<\\\/a> e conhe\\u00e7as as rotas e tarifas. Al\\u00e9m disso, a cidade \\u00e9 provida de transportes por aplicativo Uber e 99 T\\u00e1xi.<\\\/p>\"}}]}<\/script>\n\t\t\t\t\t<\/div>\n\t\t\t\t<\/div>\n\t\t\t\t<\/div>\n\t\t\t\t<\/div>\n\t\t\t\t\t<\/div>\n\t\t\t\t<\/div>\n\t\t\t\t\t\t\t<\/div>\n\t\t","protected":false},"excerpt":{"rendered":"<p>Locais do Evento: Minicursos (02\/09): Bloco Did\u00e1tico das Exatas da FFCLRP (B4) &#8211; Campus USP Ribeir\u00e3o Preto (pr\u00f3ximo \u00e0 Faculdade de Direito e \u00e0 Cantina do Valter);Abertura (02\/09): Theatro Pedro II (centro da cidade e ao lado da Chopperia Pinguim);Congresso (03 a 06\/09): Centro de Eventos da Faculdade de Direito &#8211; Campus USP Ribeir\u00e3o Preto;Ideathon [&hellip;]<\/p>\n","protected":false},"author":6,"featured_media":0,"parent":0,"menu_order":0,"comment_status":"closed","ping_status":"closed","template":"elementor_header_footer","meta":{"footnotes":""},"_links":{"self":[{"href":"https:\/\/sbeb.org.br\/cbeb2024\/wp-json\/wp\/v2\/pages\/3148"}],"collection":[{"href":"https:\/\/sbeb.org.br\/cbeb2024\/wp-json\/wp\/v2\/pages"}],"about":[{"href":"https:\/\/sbeb.org.br\/cbeb2024\/wp-json\/wp\/v2\/types\/page"}],"author":[{"embeddable":true,"href":"https:\/\/sbeb.org.br\/cbeb2024\/wp-json\/wp\/v2\/users\/6"}],"replies":[{"embeddable":true,"href":"https:\/\/sbeb.org.br\/cbeb2024\/wp-json\/wp\/v2\/comments?post=3148"}],"version-history":[{"count":46,"href":"https:\/\/sbeb.org.br\/cbeb2024\/wp-json\/wp\/v2\/pages\/3148\/revisions"}],"predecessor-version":[{"id":3859,"href":"https:\/\/sbeb.org.br\/cbeb2024\/wp-json\/wp\/v2\/pages\/3148\/revisions\/3859"}],"wp:attachment":[{"href":"https:\/\/sbeb.org.br\/cbeb2024\/wp-json\/wp\/v2\/media?parent=3148"}],"curies":[{"name":"wp","href":"https:\/\/api.w.org\/{rel}","templated":true}]}}